{"id":1914,"date":"2016-08-30T20:33:55","date_gmt":"2016-08-30T23:33:55","guid":{"rendered":"https:\/\/ameliapousada.com.br\/mural-2\/"},"modified":"2020-01-27T16:35:38","modified_gmt":"2020-01-27T19:35:38","slug":"mural-3","status":"publish","type":"page","link":"https:\/\/ameliapousada.com.br\/es\/mural-3\/","title":{"rendered":"MURAL"},"content":{"rendered":"\n<style type=\"text\/css\" data-created_by=\"avia_inline_auto\" id=\"style-css-av-av_section-14bab05eaecaa265464beda8887f5360\">\n.avia-section.av-av_section-14bab05eaecaa265464beda8887f5360{\nbackground-repeat:repeat;\nbackground-image:url(https:\/\/ameliapousada.com.br\/wp-content\/uploads\/2015\/11\/fundo_amelia_1.jpg);\nbackground-position:50% 0%;\nbackground-attachment:scroll;\n}\n<\/style>\n<div id='acomodacoes'  class='avia-section av-av_section-14bab05eaecaa265464beda8887f5360 alternate_color avia-section-default avia-no-shadow  avia-builder-el-0  el_before_av_masonry_gallery  avia-builder-el-first  avia-bg-style-scroll container_wrap fullsize'  data-section-bg-repeat='repeat'><div class='container av-section-cont-open' ><main  role=\"main\" itemprop=\"mainContentOfPage\"  class='template-page content  av-content-full alpha units'><div class='post-entry post-entry-type-page post-entry-1914'><div class='entry-content-wrapper clearfix'>\n\n<style type=\"text\/css\" data-created_by=\"avia_inline_auto\" id=\"style-css-av-av_textblock-2c4666f3ab4f7ce91aecfa132518884d\">\n#top .av_textblock_section.av-av_textblock-2c4666f3ab4f7ce91aecfa132518884d .avia_textblock{\nfont-size:40px;\n}\n<\/style>\n<section  class='av_textblock_section av-av_textblock-2c4666f3ab4f7ce91aecfa132518884d'  itemscope=\"itemscope\" itemtype=\"https:\/\/schema.org\/CreativeWork\" ><div class='avia_textblock'  itemprop=\"text\" ><h2 style=\"text-align: center;\"><strong>MURAL<\/strong><\/h2>\n<\/div><\/section>\n<section  class='av_textblock_section av-av_textblock-0366cc7376be6c9e82a3e9cc8987b64f'  itemscope=\"itemscope\" itemtype=\"https:\/\/schema.org\/CreativeWork\" ><div class='avia_textblock'  itemprop=\"text\" ><h5 style=\"text-align: center;\">- Fotos da ciudad \u00a0-<\/h5>\n<\/div><\/section>\n\n<div id='av-masonry-1' class='av-masonry av-k5ph1msu-16624c8644484fc2b02cf5775c0fae82 noHover av-fixed-size av-large-gap av-hover-overlay- av-masonry-animation-active av-masonry-col-5 av-caption-always av-caption-style- av-masonry-gallery '><div class=\"av-masonry-container isotope av-js-disabled\"><div class='av-masonry-entry isotope-item av-masonry-item-no-image '><\/div><a href=\"https:\/\/ameliapousada.com.br\/wp-content\/uploads\/2020\/01\/vesperata-2020-1.jpg\" data-srcset=\"https:\/\/ameliapousada.com.br\/wp-content\/uploads\/2020\/01\/vesperata-2020-1.jpg 736w, https:\/\/ameliapousada.com.br\/wp-content\/uploads\/2020\/01\/vesperata-2020-1-270x176.jpg 270w, https:\/\/ameliapousada.com.br\/wp-content\/uploads\/2020\/01\/vesperata-2020-1-705x460.jpg 705w\" data-sizes=\"(max-width: 736px) 100vw, 736px\"  aria-label=\"imagen VESPERATA 2020\"  id='av-masonry-1-item-3034' data-av-masonry-item='3034' class='av-masonry-entry isotope-item post-3034 attachment type-attachment status-inherit hentry post-type-attachment post-slug-vesperata-2020-2-2 attachment-slug-vesperata-2020-2-2  av-masonry-item-with-image' title=\"VESPERATA 2020\" alt=\"\"    itemprop=\"thumbnailUrl\" ><div class='av-inner-masonry-sizer'><\/div><figure class='av-inner-masonry main_color'><div class=\"av-masonry-outerimage-container\"><div class='av-masonry-image-container' style=\"background-image: url(https:\/\/ameliapousada.com.br\/wp-content\/uploads\/2020\/01\/vesperata-2020-1-705x460.jpg);\"  title=\"VESPERATA 2020\"  ><\/div><\/div><\/figure><\/a><!--end av-masonry entry--><a href=\"https:\/\/ameliapousada.com.br\/wp-content\/uploads\/2016\/08\/DSC_1873.jpg\" data-srcset=\"https:\/\/ameliapousada.com.br\/wp-content\/uploads\/2016\/08\/DSC_1873.jpg 800w, https:\/\/ameliapousada.com.br\/wp-content\/uploads\/2016\/08\/DSC_1873-270x180.jpg 270w, https:\/\/ameliapousada.com.br\/wp-content\/uploads\/2016\/08\/DSC_1873-705x469.jpg 705w, https:\/\/ameliapousada.com.br\/wp-content\/uploads\/2016\/08\/DSC_1873-450x300.jpg 450w\" data-sizes=\"(max-width: 800px) 100vw, 800px\"  aria-label=\"imagen Panor\u00e2mica Cidade e Pico Itamb\u00e9\"  id='av-masonry-1-item-2688' data-av-masonry-item='2688' class='av-masonry-entry isotope-item post-2688 attachment type-attachment status-inherit hentry post-type-attachment post-slug-dsc_1873-2 attachment-slug-dsc_1873-2  av-masonry-item-with-image' title=\"Panor\u00e2mica Cidade e Pico Itamb\u00e9\" alt=\"\"    itemprop=\"thumbnailUrl\" ><div class='av-inner-masonry-sizer'><\/div><figure class='av-inner-masonry main_color'><div class=\"av-masonry-outerimage-container\"><div class='av-masonry-image-container' style=\"background-image: url(https:\/\/ameliapousada.com.br\/wp-content\/uploads\/2016\/08\/DSC_1873-705x469.jpg);\"  title=\"Panor\u00e2mica Cidade e Pico Itamb\u00e9\"  ><\/div><\/div><\/figure><\/a><!--end av-masonry entry--><a href=\"https:\/\/ameliapousada.com.br\/wp-content\/uploads\/2016\/08\/DSC_1190.jpg\" data-srcset=\"https:\/\/ameliapousada.com.br\/wp-content\/uploads\/2016\/08\/DSC_1190.jpg 800w, https:\/\/ameliapousada.com.br\/wp-content\/uploads\/2016\/08\/DSC_1190-270x180.jpg 270w, https:\/\/ameliapousada.com.br\/wp-content\/uploads\/2016\/08\/DSC_1190-705x469.jpg 705w, https:\/\/ameliapousada.com.br\/wp-content\/uploads\/2016\/08\/DSC_1190-450x300.jpg 450w\" data-sizes=\"(max-width: 800px) 100vw, 800px\"  aria-label=\"imagen Panor\u00e2mica Serra dos Cristais e Centro Hist\u00f3rico\"  id='av-masonry-1-item-2686' data-av-masonry-item='2686' class='av-masonry-entry isotope-item post-2686 attachment type-attachment status-inherit hentry post-type-attachment post-slug-dsc_1190-2 attachment-slug-dsc_1190-2  av-masonry-item-with-image' title=\"Panor\u00e2mica Serra dos Cristais e Centro Hist\u00f3rico\" alt=\"\"    itemprop=\"thumbnailUrl\" ><div class='av-inner-masonry-sizer'><\/div><figure class='av-inner-masonry main_color'><div class=\"av-masonry-outerimage-container\"><div class='av-masonry-image-container' style=\"background-image: url(https:\/\/ameliapousada.com.br\/wp-content\/uploads\/2016\/08\/DSC_1190-705x469.jpg);\"  title=\"Panor\u00e2mica Serra dos Cristais e Centro Hist\u00f3rico\"  ><\/div><\/div><\/figure><\/a><!--end av-masonry entry--><a href=\"https:\/\/ameliapousada.com.br\/wp-content\/uploads\/2016\/08\/022.jpg\" data-srcset=\"https:\/\/ameliapousada.com.br\/wp-content\/uploads\/2016\/08\/022.jpg 800w, https:\/\/ameliapousada.com.br\/wp-content\/uploads\/2016\/08\/022-270x180.jpg 270w, https:\/\/ameliapousada.com.br\/wp-content\/uploads\/2016\/08\/022-705x469.jpg 705w, https:\/\/ameliapousada.com.br\/wp-content\/uploads\/2016\/08\/022-450x300.jpg 450w\" data-sizes=\"(max-width: 800px) 100vw, 800px\"  aria-label=\"imagen Panor\u00e2mica Centro\"  id='av-masonry-1-item-2680' data-av-masonry-item='2680' class='av-masonry-entry isotope-item post-2680 attachment type-attachment status-inherit hentry post-type-attachment post-slug-022-2 attachment-slug-022-2  av-masonry-item-with-image' title=\"Panor\u00e2mica Centro\" alt=\"\"    itemprop=\"thumbnailUrl\" ><div class='av-inner-masonry-sizer'><\/div><figure class='av-inner-masonry main_color'><div class=\"av-masonry-outerimage-container\"><div class='av-masonry-image-container' style=\"background-image: url(https:\/\/ameliapousada.com.br\/wp-content\/uploads\/2016\/08\/022-705x469.jpg);\"  title=\"Panor\u00e2mica Centro\"  ><\/div><\/div><\/figure><\/a><!--end av-masonry entry--><a href=\"https:\/\/ameliapousada.com.br\/wp-content\/uploads\/2016\/08\/DSC_1088.jpg\" data-srcset=\"https:\/\/ameliapousada.com.br\/wp-content\/uploads\/2016\/08\/DSC_1088.jpg 800w, https:\/\/ameliapousada.com.br\/wp-content\/uploads\/2016\/08\/DSC_1088-270x180.jpg 270w, https:\/\/ameliapousada.com.br\/wp-content\/uploads\/2016\/08\/DSC_1088-705x469.jpg 705w, https:\/\/ameliapousada.com.br\/wp-content\/uploads\/2016\/08\/DSC_1088-450x300.jpg 450w\" data-sizes=\"(max-width: 800px) 100vw, 800px\"  aria-label=\"imagen Beco do Bonfim\"  id='av-masonry-1-item-2684' data-av-masonry-item='2684' class='av-masonry-entry isotope-item post-2684 attachment type-attachment status-inherit hentry post-type-attachment post-slug-dsc_1088-2 attachment-slug-dsc_1088-2  av-masonry-item-with-image' title=\"Beco do Bonfim\" alt=\"\"    itemprop=\"thumbnailUrl\" ><div class='av-inner-masonry-sizer'><\/div><figure class='av-inner-masonry main_color'><div class=\"av-masonry-outerimage-container\"><div class='av-masonry-image-container' style=\"background-image: url(https:\/\/ameliapousada.com.br\/wp-content\/uploads\/2016\/08\/DSC_1088-705x469.jpg);\"  title=\"Beco do Bonfim\"  ><\/div><\/div><\/figure><\/a><!--end av-masonry entry--><a href=\"https:\/\/ameliapousada.com.br\/wp-content\/uploads\/2016\/08\/camilinho.jpg\" data-srcset=\"https:\/\/ameliapousada.com.br\/wp-content\/uploads\/2016\/08\/camilinho.jpg 500w, https:\/\/ameliapousada.com.br\/wp-content\/uploads\/2016\/08\/camilinho-270x203.jpg 270w, https:\/\/ameliapousada.com.br\/wp-content\/uploads\/2016\/08\/camilinho-450x338.jpg 450w\" data-sizes=\"(max-width: 500px) 100vw, 500px\"  aria-label=\"imagen Camilinho\"  id='av-masonry-1-item-2952' data-av-masonry-item='2952' class='av-masonry-entry isotope-item post-2952 attachment type-attachment status-inherit hentry post-type-attachment post-slug-camilinho-2 attachment-slug-camilinho-2  av-masonry-item-with-image' title=\"Camilinho\" alt=\"\"    itemprop=\"thumbnailUrl\" ><div class='av-inner-masonry-sizer'><\/div><figure class='av-inner-masonry main_color'><div class=\"av-masonry-outerimage-container\"><div class='av-masonry-image-container' style=\"background-image: url(https:\/\/ameliapousada.com.br\/wp-content\/uploads\/2016\/08\/camilinho.jpg);\"  title=\"Camilinho\"  ><\/div><\/div><\/figure><\/a><!--end av-masonry entry--><a href=\"https:\/\/ameliapousada.com.br\/wp-content\/uploads\/2016\/08\/cach-cristais.jpg\" data-srcset=\"https:\/\/ameliapousada.com.br\/wp-content\/uploads\/2016\/08\/cach-cristais.jpg 500w, https:\/\/ameliapousada.com.br\/wp-content\/uploads\/2016\/08\/cach-cristais-270x203.jpg 270w, https:\/\/ameliapousada.com.br\/wp-content\/uploads\/2016\/08\/cach-cristais-450x338.jpg 450w\" data-sizes=\"(max-width: 500px) 100vw, 500px\"  aria-label=\"imagen Cachoeira dos Cristais\"  id='av-masonry-1-item-2950' data-av-masonry-item='2950' class='av-masonry-entry isotope-item post-2950 attachment type-attachment status-inherit hentry post-type-attachment post-slug-cach-cristais-2 attachment-slug-cach-cristais-2  av-masonry-item-with-image' title=\"Cachoeira dos Cristais\" alt=\"\"    itemprop=\"thumbnailUrl\" ><div class='av-inner-masonry-sizer'><\/div><figure class='av-inner-masonry main_color'><div class=\"av-masonry-outerimage-container\"><div class='av-masonry-image-container' style=\"background-image: url(https:\/\/ameliapousada.com.br\/wp-content\/uploads\/2016\/08\/cach-cristais.jpg);\"  title=\"Cachoeira dos Cristais\"  ><\/div><\/div><\/figure><\/a><!--end av-masonry entry--><a href=\"https:\/\/ameliapousada.com.br\/wp-content\/uploads\/2016\/08\/artesanato-mercado-velho.jpg\" data-srcset=\"https:\/\/ameliapousada.com.br\/wp-content\/uploads\/2016\/08\/artesanato-mercado-velho.jpg 375w, https:\/\/ameliapousada.com.br\/wp-content\/uploads\/2016\/08\/artesanato-mercado-velho-203x270.jpg 203w\" data-sizes=\"(max-width: 375px) 100vw, 375px\"  aria-label=\"imagen Feira de Artesanato\"  id='av-masonry-1-item-2948' data-av-masonry-item='2948' class='av-masonry-entry isotope-item post-2948 attachment type-attachment status-inherit hentry post-type-attachment post-slug-artesanato-mercado-velho-2 attachment-slug-artesanato-mercado-velho-2  av-masonry-item-with-image' title=\"Feira de Artesanato\" alt=\"\"    itemprop=\"thumbnailUrl\" ><div class='av-inner-masonry-sizer'><\/div><figure class='av-inner-masonry main_color'><div class=\"av-masonry-outerimage-container\"><div class='av-masonry-image-container' style=\"background-image: url(https:\/\/ameliapousada.com.br\/wp-content\/uploads\/2016\/08\/artesanato-mercado-velho.jpg);\"  title=\"Feira de Artesanato\"  ><\/div><\/div><\/figure><\/a><!--end av-masonry entry--><a href=\"https:\/\/ameliapousada.com.br\/wp-content\/uploads\/2016\/08\/antiga-central-ferroviaria.jpg\" data-srcset=\"https:\/\/ameliapousada.com.br\/wp-content\/uploads\/2016\/08\/antiga-central-ferroviaria.jpg 500w, https:\/\/ameliapousada.com.br\/wp-content\/uploads\/2016\/08\/antiga-central-ferroviaria-270x203.jpg 270w, https:\/\/ameliapousada.com.br\/wp-content\/uploads\/2016\/08\/antiga-central-ferroviaria-450x338.jpg 450w\" data-sizes=\"(max-width: 500px) 100vw, 500px\"  aria-label=\"imagen Antiga Esta\u00e7\u00e3o Ferrovi\u00e1ria\"  id='av-masonry-1-item-2946' data-av-masonry-item='2946' class='av-masonry-entry isotope-item post-2946 attachment type-attachment status-inherit hentry post-type-attachment post-slug-antiga-central-ferroviaria-2 attachment-slug-antiga-central-ferroviaria-2  av-masonry-item-with-image' title=\"Antiga Esta\u00e7\u00e3o Ferrovi\u00e1ria\" alt=\"\"    itemprop=\"thumbnailUrl\" ><div class='av-inner-masonry-sizer'><\/div><figure class='av-inner-masonry main_color'><div class=\"av-masonry-outerimage-container\"><div class='av-masonry-image-container' style=\"background-image: url(https:\/\/ameliapousada.com.br\/wp-content\/uploads\/2016\/08\/antiga-central-ferroviaria.jpg);\"  title=\"Antiga Esta\u00e7\u00e3o Ferrovi\u00e1ria\"  ><\/div><\/div><\/figure><\/a><!--end av-masonry entry--><a href=\"https:\/\/ameliapousada.com.br\/wp-content\/uploads\/2016\/08\/sentinela.jpg\" data-srcset=\"https:\/\/ameliapousada.com.br\/wp-content\/uploads\/2016\/08\/sentinela.jpg 500w, https:\/\/ameliapousada.com.br\/wp-content\/uploads\/2016\/08\/sentinela-270x203.jpg 270w, https:\/\/ameliapousada.com.br\/wp-content\/uploads\/2016\/08\/sentinela-450x338.jpg 450w\" data-sizes=\"(max-width: 500px) 100vw, 500px\"  aria-label=\"imagen Cachoeira da Sentinela\"  id='av-masonry-1-item-2944' data-av-masonry-item='2944' class='av-masonry-entry isotope-item post-2944 attachment type-attachment status-inherit hentry post-type-attachment post-slug-sentinela-2 attachment-slug-sentinela-2  av-masonry-item-with-image' title=\"Cachoeira da Sentinela\" alt=\"\"    itemprop=\"thumbnailUrl\" ><div class='av-inner-masonry-sizer'><\/div><figure class='av-inner-masonry main_color'><div class=\"av-masonry-outerimage-container\"><div class='av-masonry-image-container' style=\"background-image: url(https:\/\/ameliapousada.com.br\/wp-content\/uploads\/2016\/08\/sentinela.jpg);\"  title=\"Cachoeira da Sentinela\"  ><\/div><\/div><\/figure><\/a><!--end av-masonry entry--><a href=\"https:\/\/ameliapousada.com.br\/wp-content\/uploads\/2016\/08\/pao-sto-antonio.jpg\" data-srcset=\"https:\/\/ameliapousada.com.br\/wp-content\/uploads\/2016\/08\/pao-sto-antonio.jpg 500w, https:\/\/ameliapousada.com.br\/wp-content\/uploads\/2016\/08\/pao-sto-antonio-270x203.jpg 270w, https:\/\/ameliapousada.com.br\/wp-content\/uploads\/2016\/08\/pao-sto-antonio-450x338.jpg 450w\" data-sizes=\"(max-width: 500px) 100vw, 500px\"  aria-label=\"imagen P\u00e3o de Santo Ant\u00f4nio\"  id='av-masonry-1-item-2934' data-av-masonry-item='2934' class='av-masonry-entry isotope-item post-2934 attachment type-attachment status-inherit hentry post-type-attachment post-slug-pao-sto-antonio-2 attachment-slug-pao-sto-antonio-2  av-masonry-item-with-image' title=\"P\u00e3o de Santo Ant\u00f4nio\" alt=\"\"    itemprop=\"thumbnailUrl\" ><div class='av-inner-masonry-sizer'><\/div><figure class='av-inner-masonry main_color'><div class=\"av-masonry-outerimage-container\"><div class='av-masonry-image-container' style=\"background-image: url(https:\/\/ameliapousada.com.br\/wp-content\/uploads\/2016\/08\/pao-sto-antonio.jpg);\"  title=\"P\u00e3o de Santo Ant\u00f4nio\"  ><\/div><\/div><\/figure><\/a><!--end av-masonry entry--><a href=\"https:\/\/ameliapousada.com.br\/wp-content\/uploads\/2016\/08\/pca-mercado-velho.jpg\" data-srcset=\"https:\/\/ameliapousada.com.br\/wp-content\/uploads\/2016\/08\/pca-mercado-velho.jpg 500w, https:\/\/ameliapousada.com.br\/wp-content\/uploads\/2016\/08\/pca-mercado-velho-270x203.jpg 270w, https:\/\/ameliapousada.com.br\/wp-content\/uploads\/2016\/08\/pca-mercado-velho-450x338.jpg 450w\" data-sizes=\"(max-width: 500px) 100vw, 500px\"  aria-label=\"imagen Mercado Velho\"  id='av-masonry-1-item-2936' data-av-masonry-item='2936' class='av-masonry-entry isotope-item post-2936 attachment type-attachment status-inherit hentry post-type-attachment post-slug-pca-mercado-velho-2 attachment-slug-pca-mercado-velho-2  av-masonry-item-with-image' title=\"Mercado Velho\" alt=\"\"    itemprop=\"thumbnailUrl\" ><div class='av-inner-masonry-sizer'><\/div><figure class='av-inner-masonry main_color'><div class=\"av-masonry-outerimage-container\"><div class='av-masonry-image-container' style=\"background-image: url(https:\/\/ameliapousada.com.br\/wp-content\/uploads\/2016\/08\/pca-mercado-velho.jpg);\"  title=\"Mercado Velho\"  ><\/div><\/div><\/figure><\/a><!--end av-masonry entry--><a href=\"https:\/\/ameliapousada.com.br\/wp-content\/uploads\/2016\/08\/pico-itambe.jpg\" data-srcset=\"https:\/\/ameliapousada.com.br\/wp-content\/uploads\/2016\/08\/pico-itambe.jpg 640w, https:\/\/ameliapousada.com.br\/wp-content\/uploads\/2016\/08\/pico-itambe-270x203.jpg 270w, https:\/\/ameliapousada.com.br\/wp-content\/uploads\/2016\/08\/pico-itambe-450x338.jpg 450w\" data-sizes=\"(max-width: 640px) 100vw, 640px\"  aria-label=\"imagen Pico Itamb\u00e9\"  id='av-masonry-1-item-2938' data-av-masonry-item='2938' class='av-masonry-entry isotope-item post-2938 attachment type-attachment status-inherit hentry post-type-attachment post-slug-pico-itambe-2-2 attachment-slug-pico-itambe-2-2  av-masonry-item-with-image' title=\"Pico Itamb\u00e9\" alt=\"\"    itemprop=\"thumbnailUrl\" ><div class='av-inner-masonry-sizer'><\/div><figure class='av-inner-masonry main_color'><div class=\"av-masonry-outerimage-container\"><div class='av-masonry-image-container' style=\"background-image: url(https:\/\/ameliapousada.com.br\/wp-content\/uploads\/2016\/08\/pico-itambe.jpg);\"  title=\"Pico Itamb\u00e9\"  ><\/div><\/div><\/figure><\/a><!--end av-masonry entry--><a href=\"https:\/\/ameliapousada.com.br\/wp-content\/uploads\/2016\/08\/praca-biribiri.jpg\" data-srcset=\"https:\/\/ameliapousada.com.br\/wp-content\/uploads\/2016\/08\/praca-biribiri.jpg 500w, https:\/\/ameliapousada.com.br\/wp-content\/uploads\/2016\/08\/praca-biribiri-270x203.jpg 270w, https:\/\/ameliapousada.com.br\/wp-content\/uploads\/2016\/08\/praca-biribiri-450x338.jpg 450w\" data-sizes=\"(max-width: 500px) 100vw, 500px\"  aria-label=\"imagen Vila do Biribiri\"  id='av-masonry-1-item-2940' data-av-masonry-item='2940' class='av-masonry-entry isotope-item post-2940 attachment type-attachment status-inherit hentry post-type-attachment post-slug-praca-biribiri-2-2 attachment-slug-praca-biribiri-2-2  av-masonry-item-with-image' title=\"Vila do Biribiri\" alt=\"\"    itemprop=\"thumbnailUrl\" ><div class='av-inner-masonry-sizer'><\/div><figure class='av-inner-masonry main_color'><div class=\"av-masonry-outerimage-container\"><div class='av-masonry-image-container' style=\"background-image: url(https:\/\/ameliapousada.com.br\/wp-content\/uploads\/2016\/08\/praca-biribiri.jpg);\"  title=\"Vila do Biribiri\"  ><\/div><\/div><\/figure><\/a><!--end av-masonry entry--><a href=\"https:\/\/ameliapousada.com.br\/wp-content\/uploads\/2016\/08\/predio-hospicio.jpg\" data-srcset=\"https:\/\/ameliapousada.com.br\/wp-content\/uploads\/2016\/08\/predio-hospicio.jpg 500w, https:\/\/ameliapousada.com.br\/wp-content\/uploads\/2016\/08\/predio-hospicio-270x203.jpg 270w, https:\/\/ameliapousada.com.br\/wp-content\/uploads\/2016\/08\/predio-hospicio-450x338.jpg 450w\" data-sizes=\"(max-width: 500px) 100vw, 500px\"  aria-label=\"imagen Primeiro Hosp\u00edcio de MG\"  id='av-masonry-1-item-2942' data-av-masonry-item='2942' class='av-masonry-entry isotope-item post-2942 attachment type-attachment status-inherit hentry post-type-attachment post-slug-predio-hospicio-2-2 attachment-slug-predio-hospicio-2-2  av-masonry-item-with-image' title=\"Primeiro Hosp\u00edcio de MG\" alt=\"\"    itemprop=\"thumbnailUrl\" ><div class='av-inner-masonry-sizer'><\/div><figure class='av-inner-masonry main_color'><div class=\"av-masonry-outerimage-container\"><div class='av-masonry-image-container' style=\"background-image: url(https:\/\/ameliapousada.com.br\/wp-content\/uploads\/2016\/08\/predio-hospicio.jpg);\"  title=\"Primeiro Hosp\u00edcio de MG\"  ><\/div><\/div><\/figure><\/a><!--end av-masonry entry--><a href=\"https:\/\/ameliapousada.com.br\/wp-content\/uploads\/2016\/08\/orgao-ig-carmo.jpg\" data-srcset=\"https:\/\/ameliapousada.com.br\/wp-content\/uploads\/2016\/08\/orgao-ig-carmo.jpg 332w, https:\/\/ameliapousada.com.br\/wp-content\/uploads\/2016\/08\/orgao-ig-carmo-179x270.jpg 179w\" data-sizes=\"(max-width: 332px) 100vw, 332px\"  aria-label=\"imagen \u00d3rg\u00e3o Lobo de Mesquita\"  id='av-masonry-1-item-2932' data-av-masonry-item='2932' class='av-masonry-entry isotope-item post-2932 attachment type-attachment status-inherit hentry post-type-attachment post-slug-orgao-ig-carmo-2 attachment-slug-orgao-ig-carmo-2  av-masonry-item-with-image' title=\"\u00d3rg\u00e3o Lobo de Mesquita\" alt=\"\"    itemprop=\"thumbnailUrl\" ><div class='av-inner-masonry-sizer'><\/div><figure class='av-inner-masonry main_color'><div class=\"av-masonry-outerimage-container\"><div class='av-masonry-image-container' style=\"background-image: url(https:\/\/ameliapousada.com.br\/wp-content\/uploads\/2016\/08\/orgao-ig-carmo.jpg);\"  title=\"\u00d3rg\u00e3o Lobo de Mesquita\"  ><\/div><\/div><\/figure><\/a><!--end av-masonry entry--><a href=\"https:\/\/ameliapousada.com.br\/wp-content\/uploads\/2016\/08\/mercado-velho-sempre-vivas.jpg\" data-srcset=\"https:\/\/ameliapousada.com.br\/wp-content\/uploads\/2016\/08\/mercado-velho-sempre-vivas.jpg 500w, https:\/\/ameliapousada.com.br\/wp-content\/uploads\/2016\/08\/mercado-velho-sempre-vivas-270x203.jpg 270w, https:\/\/ameliapousada.com.br\/wp-content\/uploads\/2016\/08\/mercado-velho-sempre-vivas-450x338.jpg 450w\" data-sizes=\"(max-width: 500px) 100vw, 500px\"  aria-label=\"imagen Mercado Velho &#8211; Flores Sempre Vivas\"  id='av-masonry-1-item-2930' data-av-masonry-item='2930' class='av-masonry-entry isotope-item post-2930 attachment type-attachment status-inherit hentry post-type-attachment post-slug-mercado-velho-sempre-vivas-2 attachment-slug-mercado-velho-sempre-vivas-2  av-masonry-item-with-image' title=\"Mercado Velho &#8211; Flores Sempre Vivas\" alt=\"\"    itemprop=\"thumbnailUrl\" ><div class='av-inner-masonry-sizer'><\/div><figure class='av-inner-masonry main_color'><div class=\"av-masonry-outerimage-container\"><div class='av-masonry-image-container' style=\"background-image: url(https:\/\/ameliapousada.com.br\/wp-content\/uploads\/2016\/08\/mercado-velho-sempre-vivas.jpg);\"  title=\"Mercado Velho &#8211; Flores Sempre Vivas\"  ><\/div><\/div><\/figure><\/a><!--end av-masonry entry--><a href=\"https:\/\/ameliapousada.com.br\/wp-content\/uploads\/2016\/08\/ig-sao-francisco.jpg\" data-srcset=\"https:\/\/ameliapousada.com.br\/wp-content\/uploads\/2016\/08\/ig-sao-francisco.jpg 500w, https:\/\/ameliapousada.com.br\/wp-content\/uploads\/2016\/08\/ig-sao-francisco-270x203.jpg 270w, https:\/\/ameliapousada.com.br\/wp-content\/uploads\/2016\/08\/ig-sao-francisco-450x338.jpg 450w\" data-sizes=\"(max-width: 500px) 100vw, 500px\"  aria-label=\"imagen Igreja de S\u00e3o Francisco\"  id='av-masonry-1-item-2928' data-av-masonry-item='2928' class='av-masonry-entry isotope-item post-2928 attachment type-attachment status-inherit hentry post-type-attachment post-slug-ig-sao-francisco-2 attachment-slug-ig-sao-francisco-2  av-masonry-item-with-image' title=\"Igreja de S\u00e3o Francisco\" alt=\"\"    itemprop=\"thumbnailUrl\" ><div class='av-inner-masonry-sizer'><\/div><figure class='av-inner-masonry main_color'><div class=\"av-masonry-outerimage-container\"><div class='av-masonry-image-container' style=\"background-image: url(https:\/\/ameliapousada.com.br\/wp-content\/uploads\/2016\/08\/ig-sao-francisco.jpg);\"  title=\"Igreja de S\u00e3o Francisco\"  ><\/div><\/div><\/figure><\/a><!--end av-masonry entry--><a href=\"https:\/\/ameliapousada.com.br\/wp-content\/uploads\/2016\/08\/ig-rosario.jpg\" data-srcset=\"https:\/\/ameliapousada.com.br\/wp-content\/uploads\/2016\/08\/ig-rosario.jpg 500w, https:\/\/ameliapousada.com.br\/wp-content\/uploads\/2016\/08\/ig-rosario-270x203.jpg 270w, https:\/\/ameliapousada.com.br\/wp-content\/uploads\/2016\/08\/ig-rosario-450x338.jpg 450w\" data-sizes=\"(max-width: 500px) 100vw, 500px\"  aria-label=\"imagen Igreja do Ros\u00e1rio\"  id='av-masonry-1-item-2926' data-av-masonry-item='2926' class='av-masonry-entry isotope-item post-2926 attachment type-attachment status-inherit hentry post-type-attachment post-slug-ig-rosario-2 attachment-slug-ig-rosario-2  av-masonry-item-with-image' title=\"Igreja do Ros\u00e1rio\" alt=\"\"    itemprop=\"thumbnailUrl\" ><div class='av-inner-masonry-sizer'><\/div><figure class='av-inner-masonry main_color'><div class=\"av-masonry-outerimage-container\"><div class='av-masonry-image-container' style=\"background-image: url(https:\/\/ameliapousada.com.br\/wp-content\/uploads\/2016\/08\/ig-rosario.jpg);\"  title=\"Igreja do Ros\u00e1rio\"  ><\/div><\/div><\/figure><\/a><!--end av-masonry entry--><a href=\"https:\/\/ameliapousada.com.br\/wp-content\/uploads\/2016\/08\/ig-carmo.jpg\" data-srcset=\"https:\/\/ameliapousada.com.br\/wp-content\/uploads\/2016\/08\/ig-carmo.jpg 500w, https:\/\/ameliapousada.com.br\/wp-content\/uploads\/2016\/08\/ig-carmo-270x203.jpg 270w, https:\/\/ameliapousada.com.br\/wp-content\/uploads\/2016\/08\/ig-carmo-450x338.jpg 450w\" data-sizes=\"(max-width: 500px) 100vw, 500px\"  aria-label=\"imagen Igreja do Carmo\"  id='av-masonry-1-item-2924' data-av-masonry-item='2924' class='av-masonry-entry isotope-item post-2924 attachment type-attachment status-inherit hentry post-type-attachment post-slug-ig-carmo-2 attachment-slug-ig-carmo-2  av-masonry-item-with-image' title=\"Igreja do Carmo\" alt=\"\"    itemprop=\"thumbnailUrl\" ><div class='av-inner-masonry-sizer'><\/div><figure class='av-inner-masonry main_color'><div class=\"av-masonry-outerimage-container\"><div class='av-masonry-image-container' style=\"background-image: url(https:\/\/ameliapousada.com.br\/wp-content\/uploads\/2016\/08\/ig-carmo.jpg);\"  title=\"Igreja do Carmo\"  ><\/div><\/div><\/figure><\/a><!--end av-masonry entry--><a href=\"https:\/\/ameliapousada.com.br\/wp-content\/uploads\/2016\/08\/congado.jpg\" data-srcset=\"https:\/\/ameliapousada.com.br\/wp-content\/uploads\/2016\/08\/congado.jpg 500w, https:\/\/ameliapousada.com.br\/wp-content\/uploads\/2016\/08\/congado-270x203.jpg 270w, https:\/\/ameliapousada.com.br\/wp-content\/uploads\/2016\/08\/congado-450x338.jpg 450w\" data-sizes=\"(max-width: 500px) 100vw, 500px\"  aria-label=\"imagen Congado\"  id='av-masonry-1-item-2914' data-av-masonry-item='2914' class='av-masonry-entry isotope-item post-2914 attachment type-attachment status-inherit hentry post-type-attachment post-slug-congado-2 attachment-slug-congado-2  av-masonry-item-with-image' title=\"Congado\" alt=\"\"    itemprop=\"thumbnailUrl\" ><div class='av-inner-masonry-sizer'><\/div><figure class='av-inner-masonry main_color'><div class=\"av-masonry-outerimage-container\"><div class='av-masonry-image-container' style=\"background-image: url(https:\/\/ameliapousada.com.br\/wp-content\/uploads\/2016\/08\/congado.jpg);\"  title=\"Congado\"  ><\/div><\/div><\/figure><\/a><!--end av-masonry entry--><a href=\"https:\/\/ameliapousada.com.br\/wp-content\/uploads\/2016\/08\/congado2.jpg\" data-srcset=\"https:\/\/ameliapousada.com.br\/wp-content\/uploads\/2016\/08\/congado2.jpg 500w, https:\/\/ameliapousada.com.br\/wp-content\/uploads\/2016\/08\/congado2-270x203.jpg 270w, https:\/\/ameliapousada.com.br\/wp-content\/uploads\/2016\/08\/congado2-450x338.jpg 450w\" data-sizes=\"(max-width: 500px) 100vw, 500px\"  aria-label=\"imagen Congado\"  id='av-masonry-1-item-2916' data-av-masonry-item='2916' class='av-masonry-entry isotope-item post-2916 attachment type-attachment status-inherit hentry post-type-attachment post-slug-congado2-2 attachment-slug-congado2-2  av-masonry-item-with-image' title=\"Congado\" alt=\"\"    itemprop=\"thumbnailUrl\" ><div class='av-inner-masonry-sizer'><\/div><figure class='av-inner-masonry main_color'><div class=\"av-masonry-outerimage-container\"><div class='av-masonry-image-container' style=\"background-image: url(https:\/\/ameliapousada.com.br\/wp-content\/uploads\/2016\/08\/congado2.jpg);\"  title=\"Congado\"  ><\/div><\/div><\/figure><\/a><!--end av-masonry entry--><a href=\"https:\/\/ameliapousada.com.br\/wp-content\/uploads\/2016\/08\/curralinho.jpg\" data-srcset=\"https:\/\/ameliapousada.com.br\/wp-content\/uploads\/2016\/08\/curralinho.jpg 500w, https:\/\/ameliapousada.com.br\/wp-content\/uploads\/2016\/08\/curralinho-270x203.jpg 270w, https:\/\/ameliapousada.com.br\/wp-content\/uploads\/2016\/08\/curralinho-450x338.jpg 450w\" data-sizes=\"(max-width: 500px) 100vw, 500px\"  aria-label=\"imagen Distrito Curralinho\"  id='av-masonry-1-item-2918' data-av-masonry-item='2918' class='av-masonry-entry isotope-item post-2918 attachment type-attachment status-inherit hentry post-type-attachment post-slug-curralinho-2 attachment-slug-curralinho-2  av-masonry-item-with-image' title=\"Distrito Curralinho\" alt=\"\"    itemprop=\"thumbnailUrl\" ><div class='av-inner-masonry-sizer'><\/div><figure class='av-inner-masonry main_color'><div class=\"av-masonry-outerimage-container\"><div class='av-masonry-image-container' style=\"background-image: url(https:\/\/ameliapousada.com.br\/wp-content\/uploads\/2016\/08\/curralinho.jpg);\"  title=\"Distrito Curralinho\"  ><\/div><\/div><\/figure><\/a><!--end av-masonry entry--><a href=\"https:\/\/ameliapousada.com.br\/wp-content\/uploads\/2016\/08\/festa-divino.jpg\" data-srcset=\"https:\/\/ameliapousada.com.br\/wp-content\/uploads\/2016\/08\/festa-divino.jpg 500w, https:\/\/ameliapousada.com.br\/wp-content\/uploads\/2016\/08\/festa-divino-270x203.jpg 270w, https:\/\/ameliapousada.com.br\/wp-content\/uploads\/2016\/08\/festa-divino-450x338.jpg 450w\" data-sizes=\"(max-width: 500px) 100vw, 500px\"  aria-label=\"imagen Festa do Divino\"  id='av-masonry-1-item-2920' data-av-masonry-item='2920' class='av-masonry-entry isotope-item post-2920 attachment type-attachment status-inherit hentry post-type-attachment post-slug-festa-divino-2 attachment-slug-festa-divino-2  av-masonry-item-with-image' title=\"Festa do Divino\" alt=\"\"    itemprop=\"thumbnailUrl\" ><div class='av-inner-masonry-sizer'><\/div><figure class='av-inner-masonry main_color'><div class=\"av-masonry-outerimage-container\"><div class='av-masonry-image-container' style=\"background-image: url(https:\/\/ameliapousada.com.br\/wp-content\/uploads\/2016\/08\/festa-divino.jpg);\"  title=\"Festa do Divino\"  ><\/div><\/div><\/figure><\/a><!--end av-masonry entry--><a href=\"https:\/\/ameliapousada.com.br\/wp-content\/uploads\/2016\/08\/catedral-sto-antonio.jpg\" data-srcset=\"https:\/\/ameliapousada.com.br\/wp-content\/uploads\/2016\/08\/catedral-sto-antonio.jpg 500w, https:\/\/ameliapousada.com.br\/wp-content\/uploads\/2016\/08\/catedral-sto-antonio-270x203.jpg 270w, https:\/\/ameliapousada.com.br\/wp-content\/uploads\/2016\/08\/catedral-sto-antonio-450x338.jpg 450w\" data-sizes=\"(max-width: 500px) 100vw, 500px\"  aria-label=\"imagen Catedral de Santo Ant\u00f4nio\"  id='av-masonry-1-item-2912' data-av-masonry-item='2912' class='av-masonry-entry isotope-item post-2912 attachment type-attachment status-inherit hentry post-type-attachment post-slug-catedral-sto-antonio-2 attachment-slug-catedral-sto-antonio-2  av-masonry-item-with-image' title=\"Catedral de Santo Ant\u00f4nio\" alt=\"\"    itemprop=\"thumbnailUrl\" ><div class='av-inner-masonry-sizer'><\/div><figure class='av-inner-masonry main_color'><div class=\"av-masonry-outerimage-container\"><div class='av-masonry-image-container' style=\"background-image: url(https:\/\/ameliapousada.com.br\/wp-content\/uploads\/2016\/08\/catedral-sto-antonio.jpg);\"  title=\"Catedral de Santo Ant\u00f4nio\"  ><\/div><\/div><\/figure><\/a><!--end av-masonry entry--><a href=\"https:\/\/ameliapousada.com.br\/wp-content\/uploads\/2016\/08\/catedral-rua-direita.jpg\" data-srcset=\"https:\/\/ameliapousada.com.br\/wp-content\/uploads\/2016\/08\/catedral-rua-direita.jpg 500w, https:\/\/ameliapousada.com.br\/wp-content\/uploads\/2016\/08\/catedral-rua-direita-270x203.jpg 270w, https:\/\/ameliapousada.com.br\/wp-content\/uploads\/2016\/08\/catedral-rua-direita-450x338.jpg 450w\" data-sizes=\"(max-width: 500px) 100vw, 500px\"  aria-label=\"imagen Catedral &#8211; Rua Direita\"  id='av-masonry-1-item-2910' data-av-masonry-item='2910' class='av-masonry-entry isotope-item post-2910 attachment type-attachment status-inherit hentry post-type-attachment post-slug-catedral-rua-direita-2 attachment-slug-catedral-rua-direita-2  av-masonry-item-with-image' title=\"Catedral &#8211; Rua Direita\" alt=\"\"    itemprop=\"thumbnailUrl\" ><div class='av-inner-masonry-sizer'><\/div><figure class='av-inner-masonry main_color'><div class=\"av-masonry-outerimage-container\"><div class='av-masonry-image-container' style=\"background-image: url(https:\/\/ameliapousada.com.br\/wp-content\/uploads\/2016\/08\/catedral-rua-direita.jpg);\"  title=\"Catedral &#8211; Rua Direita\"  ><\/div><\/div><\/figure><\/a><!--end av-masonry entry--><a href=\"https:\/\/ameliapousada.com.br\/wp-content\/uploads\/2016\/08\/casa-gloria.jpg\" data-srcset=\"https:\/\/ameliapousada.com.br\/wp-content\/uploads\/2016\/08\/casa-gloria.jpg 500w, https:\/\/ameliapousada.com.br\/wp-content\/uploads\/2016\/08\/casa-gloria-270x203.jpg 270w, https:\/\/ameliapousada.com.br\/wp-content\/uploads\/2016\/08\/casa-gloria-450x338.jpg 450w\" data-sizes=\"(max-width: 500px) 100vw, 500px\"  aria-label=\"imagen Casa da Gl\u00f3ria\"  id='av-masonry-1-item-2908' data-av-masonry-item='2908' class='av-masonry-entry isotope-item post-2908 attachment type-attachment status-inherit hentry post-type-attachment post-slug-casa-gloria-2 attachment-slug-casa-gloria-2  av-masonry-item-with-image' title=\"Casa da Gl\u00f3ria\" alt=\"\"    itemprop=\"thumbnailUrl\" ><div class='av-inner-masonry-sizer'><\/div><figure class='av-inner-masonry main_color'><div class=\"av-masonry-outerimage-container\"><div class='av-masonry-image-container' style=\"background-image: url(https:\/\/ameliapousada.com.br\/wp-content\/uploads\/2016\/08\/casa-gloria.jpg);\"  title=\"Casa da Gl\u00f3ria\"  ><\/div><\/div><\/figure><\/a><!--end av-masonry entry--><a href=\"https:\/\/ameliapousada.com.br\/wp-content\/uploads\/2016\/08\/capela-amparo.jpg\" data-srcset=\"https:\/\/ameliapousada.com.br\/wp-content\/uploads\/2016\/08\/capela-amparo.jpg 375w, https:\/\/ameliapousada.com.br\/wp-content\/uploads\/2016\/08\/capela-amparo-203x270.jpg 203w\" data-sizes=\"(max-width: 375px) 100vw, 375px\"  aria-label=\"imagen Igreja do Amparo\"  id='av-masonry-1-item-2906' data-av-masonry-item='2906' class='av-masonry-entry isotope-item post-2906 attachment type-attachment status-inherit hentry post-type-attachment post-slug-capela-amparo-2 attachment-slug-capela-amparo-2  av-masonry-item-with-image' title=\"Igreja do Amparo\" alt=\"\"    itemprop=\"thumbnailUrl\" ><div class='av-inner-masonry-sizer'><\/div><figure class='av-inner-masonry main_color'><div class=\"av-masonry-outerimage-container\"><div class='av-masonry-image-container' style=\"background-image: url(https:\/\/ameliapousada.com.br\/wp-content\/uploads\/2016\/08\/capela-amparo.jpg);\"  title=\"Igreja do Amparo\"  ><\/div><\/div><\/figure><\/a><!--end av-masonry entry--><a href=\"https:\/\/ameliapousada.com.br\/wp-content\/uploads\/2017\/02\/rua-direita.jpg\" data-srcset=\"https:\/\/ameliapousada.com.br\/wp-content\/uploads\/2017\/02\/rua-direita.jpg 720w, https:\/\/ameliapousada.com.br\/wp-content\/uploads\/2017\/02\/rua-direita-203x270.jpg 203w, https:\/\/ameliapousada.com.br\/wp-content\/uploads\/2017\/02\/rua-direita-529x705.jpg 529w, https:\/\/ameliapousada.com.br\/wp-content\/uploads\/2017\/02\/rua-direita-450x600.jpg 450w\" data-sizes=\"(max-width: 720px) 100vw, 720px\"  aria-label=\"imagen rua direita\"  id='av-masonry-1-item-2870' data-av-masonry-item='2870' class='av-masonry-entry isotope-item post-2870 attachment type-attachment status-inherit hentry post-type-attachment post-slug-rua-direita-2 attachment-slug-rua-direita-2  av-masonry-item-with-image' title=\"rua direita\" alt=\"\"    itemprop=\"thumbnailUrl\" ><div class='av-inner-masonry-sizer'><\/div><figure class='av-inner-masonry main_color'><div class=\"av-masonry-outerimage-container\"><div class='av-masonry-image-container' style=\"background-image: url(https:\/\/ameliapousada.com.br\/wp-content\/uploads\/2017\/02\/rua-direita-529x705.jpg);\"  title=\"rua direita\"  ><\/div><\/div><\/figure><\/a><!--end av-masonry entry--><a href=\"https:\/\/ameliapousada.com.br\/wp-content\/uploads\/2017\/02\/praca-mercado-velho.jpg\" data-srcset=\"https:\/\/ameliapousada.com.br\/wp-content\/uploads\/2017\/02\/praca-mercado-velho.jpg 960w, https:\/\/ameliapousada.com.br\/wp-content\/uploads\/2017\/02\/praca-mercado-velho-270x119.jpg 270w, https:\/\/ameliapousada.com.br\/wp-content\/uploads\/2017\/02\/praca-mercado-velho-768x339.jpg 768w, https:\/\/ameliapousada.com.br\/wp-content\/uploads\/2017\/02\/praca-mercado-velho-705x311.jpg 705w, https:\/\/ameliapousada.com.br\/wp-content\/uploads\/2017\/02\/praca-mercado-velho-450x199.jpg 450w\" data-sizes=\"(max-width: 960px) 100vw, 960px\"  aria-label=\"imagen pra\u00e7a mercado velho\"  id='av-masonry-1-item-2858' data-av-masonry-item='2858' class='av-masonry-entry isotope-item post-2858 attachment type-attachment status-inherit hentry post-type-attachment post-slug-praca-mercado-velho-2 attachment-slug-praca-mercado-velho-2  av-masonry-item-with-image' title=\"pra\u00e7a mercado velho\" alt=\"\"    itemprop=\"thumbnailUrl\" ><div class='av-inner-masonry-sizer'><\/div><figure class='av-inner-masonry main_color'><div class=\"av-masonry-outerimage-container\"><div class='av-masonry-image-container' style=\"background-image: url(https:\/\/ameliapousada.com.br\/wp-content\/uploads\/2017\/02\/praca-mercado-velho-705x311.jpg);\"  title=\"pra\u00e7a mercado velho\"  ><\/div><\/div><\/figure><\/a><!--end av-masonry entry--><a href=\"https:\/\/ameliapousada.com.br\/wp-content\/uploads\/2017\/02\/predio-hospicio.jpg\" data-srcset=\"https:\/\/ameliapousada.com.br\/wp-content\/uploads\/2017\/02\/predio-hospicio.jpg 200w, https:\/\/ameliapousada.com.br\/wp-content\/uploads\/2017\/02\/predio-hospicio-80x80.jpg 80w, https:\/\/ameliapousada.com.br\/wp-content\/uploads\/2017\/02\/predio-hospicio-36x36.jpg 36w, https:\/\/ameliapousada.com.br\/wp-content\/uploads\/2017\/02\/predio-hospicio-180x180.jpg 180w, https:\/\/ameliapousada.com.br\/wp-content\/uploads\/2017\/02\/predio-hospicio-120x120.jpg 120w\" data-sizes=\"(max-width: 200px) 100vw, 200px\"  aria-label=\"imagen predio hospicio\"  id='av-masonry-1-item-2862' data-av-masonry-item='2862' class='av-masonry-entry isotope-item post-2862 attachment type-attachment status-inherit hentry post-type-attachment post-slug-predio-hospicio-3 attachment-slug-predio-hospicio-3  av-masonry-item-with-image' title=\"predio hospicio\" alt=\"\"    itemprop=\"thumbnailUrl\" ><div class='av-inner-masonry-sizer'><\/div><figure class='av-inner-masonry main_color'><div class=\"av-masonry-outerimage-container\"><div class='av-masonry-image-container' style=\"background-image: url(https:\/\/ameliapousada.com.br\/wp-content\/uploads\/2017\/02\/predio-hospicio.jpg);\"  title=\"predio hospicio\"  ><\/div><\/div><\/figure><\/a><!--end av-masonry entry--><a href=\"https:\/\/ameliapousada.com.br\/wp-content\/uploads\/2017\/02\/praca-mercado-velho2.jpg\" data-srcset=\"https:\/\/ameliapousada.com.br\/wp-content\/uploads\/2017\/02\/praca-mercado-velho2.jpg 200w, https:\/\/ameliapousada.com.br\/wp-content\/uploads\/2017\/02\/praca-mercado-velho2-80x80.jpg 80w, https:\/\/ameliapousada.com.br\/wp-content\/uploads\/2017\/02\/praca-mercado-velho2-36x36.jpg 36w, https:\/\/ameliapousada.com.br\/wp-content\/uploads\/2017\/02\/praca-mercado-velho2-180x180.jpg 180w, https:\/\/ameliapousada.com.br\/wp-content\/uploads\/2017\/02\/praca-mercado-velho2-120x120.jpg 120w\" data-sizes=\"(max-width: 200px) 100vw, 200px\"  aria-label=\"imagen Pra\u00e7a Bar\u00e3o do Guaicu\u00ed\"  id='av-masonry-1-item-2860' data-av-masonry-item='2860' class='av-masonry-entry isotope-item post-2860 attachment type-attachment status-inherit hentry post-type-attachment post-slug-praca-mercado-velho2-2 attachment-slug-praca-mercado-velho2-2  av-masonry-item-with-image' title=\"Pra\u00e7a Bar\u00e3o do Guaicu\u00ed\" alt=\"\"    itemprop=\"thumbnailUrl\" ><div class='av-inner-masonry-sizer'><\/div><figure class='av-inner-masonry main_color'><div class=\"av-masonry-outerimage-container\"><div class='av-masonry-image-container' style=\"background-image: url(https:\/\/ameliapousada.com.br\/wp-content\/uploads\/2017\/02\/praca-mercado-velho2.jpg);\"  title=\"Pra\u00e7a Bar\u00e3o do Guaicu\u00ed\"  ><\/div><\/div><\/figure><\/a><!--end av-masonry entry--><a href=\"https:\/\/ameliapousada.com.br\/wp-content\/uploads\/2017\/02\/praca-jk2.jpg\" data-srcset=\"https:\/\/ameliapousada.com.br\/wp-content\/uploads\/2017\/02\/praca-jk2.jpg 200w, https:\/\/ameliapousada.com.br\/wp-content\/uploads\/2017\/02\/praca-jk2-80x80.jpg 80w, https:\/\/ameliapousada.com.br\/wp-content\/uploads\/2017\/02\/praca-jk2-36x36.jpg 36w, https:\/\/ameliapousada.com.br\/wp-content\/uploads\/2017\/02\/praca-jk2-180x180.jpg 180w, https:\/\/ameliapousada.com.br\/wp-content\/uploads\/2017\/02\/praca-jk2-120x120.jpg 120w\" data-sizes=\"(max-width: 200px) 100vw, 200px\"  aria-label=\"imagen pra\u00e7a jk2\"  id='av-masonry-1-item-2856' data-av-masonry-item='2856' class='av-masonry-entry isotope-item post-2856 attachment type-attachment status-inherit hentry post-type-attachment post-slug-praca-jk2-2 attachment-slug-praca-jk2-2  av-masonry-item-with-image' title=\"pra\u00e7a jk2\" alt=\"\"    itemprop=\"thumbnailUrl\" ><div class='av-inner-masonry-sizer'><\/div><figure class='av-inner-masonry main_color'><div class=\"av-masonry-outerimage-container\"><div class='av-masonry-image-container' style=\"background-image: url(https:\/\/ameliapousada.com.br\/wp-content\/uploads\/2017\/02\/praca-jk2.jpg);\"  title=\"pra\u00e7a jk2\"  ><\/div><\/div><\/figure><\/a><!--end av-masonry entry--><a href=\"https:\/\/ameliapousada.com.br\/wp-content\/uploads\/2017\/02\/praca-jk.jpg\" data-srcset=\"https:\/\/ameliapousada.com.br\/wp-content\/uploads\/2017\/02\/praca-jk.jpg 200w, https:\/\/ameliapousada.com.br\/wp-content\/uploads\/2017\/02\/praca-jk-80x80.jpg 80w, https:\/\/ameliapousada.com.br\/wp-content\/uploads\/2017\/02\/praca-jk-36x36.jpg 36w, https:\/\/ameliapousada.com.br\/wp-content\/uploads\/2017\/02\/praca-jk-180x180.jpg 180w, https:\/\/ameliapousada.com.br\/wp-content\/uploads\/2017\/02\/praca-jk-120x120.jpg 120w\" data-sizes=\"(max-width: 200px) 100vw, 200px\"  aria-label=\"imagen Pra\u00e7a JK\"  id='av-masonry-1-item-2854' data-av-masonry-item='2854' class='av-masonry-entry isotope-item post-2854 attachment type-attachment status-inherit hentry post-type-attachment post-slug-praca-jk-2 attachment-slug-praca-jk-2  av-masonry-item-with-image' title=\"Pra\u00e7a JK\" alt=\"\"    itemprop=\"thumbnailUrl\" ><div class='av-inner-masonry-sizer'><\/div><figure class='av-inner-masonry main_color'><div class=\"av-masonry-outerimage-container\"><div class='av-masonry-image-container' style=\"background-image: url(https:\/\/ameliapousada.com.br\/wp-content\/uploads\/2017\/02\/praca-jk.jpg);\"  title=\"Pra\u00e7a JK\"  ><\/div><\/div><\/figure><\/a><!--end av-masonry entry--><a href=\"https:\/\/ameliapousada.com.br\/wp-content\/uploads\/2017\/02\/pasmar-por-do-sol.jpg\" data-srcset=\"https:\/\/ameliapousada.com.br\/wp-content\/uploads\/2017\/02\/pasmar-por-do-sol.jpg 960w, https:\/\/ameliapousada.com.br\/wp-content\/uploads\/2017\/02\/pasmar-por-do-sol-270x203.jpg 270w, https:\/\/ameliapousada.com.br\/wp-content\/uploads\/2017\/02\/pasmar-por-do-sol-768x576.jpg 768w, https:\/\/ameliapousada.com.br\/wp-content\/uploads\/2017\/02\/pasmar-por-do-sol-705x529.jpg 705w, https:\/\/ameliapousada.com.br\/wp-content\/uploads\/2017\/02\/pasmar-por-do-sol-450x338.jpg 450w\" data-sizes=\"(max-width: 960px) 100vw, 960px\"  aria-label=\"imagen Pasmar P\u00f4r do Sol\"  id='av-masonry-1-item-2844' data-av-masonry-item='2844' class='av-masonry-entry isotope-item post-2844 attachment type-attachment status-inherit hentry post-type-attachment post-slug-pasmar-por-do-sol-2 attachment-slug-pasmar-por-do-sol-2  av-masonry-item-with-image' title=\"Pasmar P\u00f4r do Sol\" alt=\"\"    itemprop=\"thumbnailUrl\" ><div class='av-inner-masonry-sizer'><\/div><figure class='av-inner-masonry main_color'><div class=\"av-masonry-outerimage-container\"><div class='av-masonry-image-container' style=\"background-image: url(https:\/\/ameliapousada.com.br\/wp-content\/uploads\/2017\/02\/pasmar-por-do-sol-705x529.jpg);\"  title=\"Pasmar P\u00f4r do Sol\"  ><\/div><\/div><\/figure><\/a><!--end av-masonry entry--><a href=\"https:\/\/ameliapousada.com.br\/wp-content\/uploads\/2017\/02\/pico-itambe.jpg\" data-srcset=\"https:\/\/ameliapousada.com.br\/wp-content\/uploads\/2017\/02\/pico-itambe.jpg 960w, https:\/\/ameliapousada.com.br\/wp-content\/uploads\/2017\/02\/pico-itambe-270x203.jpg 270w, https:\/\/ameliapousada.com.br\/wp-content\/uploads\/2017\/02\/pico-itambe-768x576.jpg 768w, https:\/\/ameliapousada.com.br\/wp-content\/uploads\/2017\/02\/pico-itambe-705x529.jpg 705w, https:\/\/ameliapousada.com.br\/wp-content\/uploads\/2017\/02\/pico-itambe-450x338.jpg 450w\" data-sizes=\"(max-width: 960px) 100vw, 960px\"  aria-label=\"imagen Pico Itambe\"  id='av-masonry-1-item-2846' data-av-masonry-item='2846' class='av-masonry-entry isotope-item post-2846 attachment type-attachment status-inherit hentry post-type-attachment post-slug-pico-itambe-3 attachment-slug-pico-itambe-3  av-masonry-item-with-image' title=\"Pico Itambe\" alt=\"\"    itemprop=\"thumbnailUrl\" ><div class='av-inner-masonry-sizer'><\/div><figure class='av-inner-masonry main_color'><div class=\"av-masonry-outerimage-container\"><div class='av-masonry-image-container' style=\"background-image: url(https:\/\/ameliapousada.com.br\/wp-content\/uploads\/2017\/02\/pico-itambe-705x529.jpg);\"  title=\"Pico Itambe\"  ><\/div><\/div><\/figure><\/a><!--end av-masonry entry--><a href=\"https:\/\/ameliapousada.com.br\/wp-content\/uploads\/2017\/02\/ponte-acaba-mundo.jpg\" data-srcset=\"https:\/\/ameliapousada.com.br\/wp-content\/uploads\/2017\/02\/ponte-acaba-mundo.jpg 200w, https:\/\/ameliapousada.com.br\/wp-content\/uploads\/2017\/02\/ponte-acaba-mundo-80x80.jpg 80w, https:\/\/ameliapousada.com.br\/wp-content\/uploads\/2017\/02\/ponte-acaba-mundo-36x36.jpg 36w, https:\/\/ameliapousada.com.br\/wp-content\/uploads\/2017\/02\/ponte-acaba-mundo-180x180.jpg 180w, https:\/\/ameliapousada.com.br\/wp-content\/uploads\/2017\/02\/ponte-acaba-mundo-120x120.jpg 120w\" data-sizes=\"(max-width: 200px) 100vw, 200px\"  aria-label=\"imagen ponte acaba mundo\"  id='av-masonry-1-item-2848' data-av-masonry-item='2848' class='av-masonry-entry isotope-item post-2848 attachment type-attachment status-inherit hentry post-type-attachment post-slug-ponte-acaba-mundo-2 attachment-slug-ponte-acaba-mundo-2  av-masonry-item-with-image' title=\"ponte acaba mundo\" alt=\"\"    itemprop=\"thumbnailUrl\" ><div class='av-inner-masonry-sizer'><\/div><figure class='av-inner-masonry main_color'><div class=\"av-masonry-outerimage-container\"><div class='av-masonry-image-container' style=\"background-image: url(https:\/\/ameliapousada.com.br\/wp-content\/uploads\/2017\/02\/ponte-acaba-mundo.jpg);\"  title=\"ponte acaba mundo\"  ><\/div><\/div><\/figure><\/a><!--end av-masonry entry--><a href=\"https:\/\/ameliapousada.com.br\/wp-content\/uploads\/2017\/02\/por-sol-mirante-cruzeiro-luminoso.jpg\" data-srcset=\"https:\/\/ameliapousada.com.br\/wp-content\/uploads\/2017\/02\/por-sol-mirante-cruzeiro-luminoso.jpg 200w, https:\/\/ameliapousada.com.br\/wp-content\/uploads\/2017\/02\/por-sol-mirante-cruzeiro-luminoso-80x80.jpg 80w, https:\/\/ameliapousada.com.br\/wp-content\/uploads\/2017\/02\/por-sol-mirante-cruzeiro-luminoso-36x36.jpg 36w, https:\/\/ameliapousada.com.br\/wp-content\/uploads\/2017\/02\/por-sol-mirante-cruzeiro-luminoso-180x180.jpg 180w, https:\/\/ameliapousada.com.br\/wp-content\/uploads\/2017\/02\/por-sol-mirante-cruzeiro-luminoso-120x120.jpg 120w\" data-sizes=\"(max-width: 200px) 100vw, 200px\"  aria-label=\"imagen por sol mirante cruzeiro luminoso\"  id='av-masonry-1-item-2850' data-av-masonry-item='2850' class='av-masonry-entry isotope-item post-2850 attachment type-attachment status-inherit hentry post-type-attachment post-slug-por-sol-mirante-cruzeiro-luminoso-2 attachment-slug-por-sol-mirante-cruzeiro-luminoso-2  av-masonry-item-with-image' title=\"por sol mirante cruzeiro luminoso\" alt=\"\"    itemprop=\"thumbnailUrl\" ><div class='av-inner-masonry-sizer'><\/div><figure class='av-inner-masonry main_color'><div class=\"av-masonry-outerimage-container\"><div class='av-masonry-image-container' style=\"background-image: url(https:\/\/ameliapousada.com.br\/wp-content\/uploads\/2017\/02\/por-sol-mirante-cruzeiro-luminoso.jpg);\"  title=\"por sol mirante cruzeiro luminoso\"  ><\/div><\/div><\/figure><\/a><!--end av-masonry entry--><a href=\"https:\/\/ameliapousada.com.br\/wp-content\/uploads\/2017\/02\/praca-biribiri.jpg\" data-srcset=\"https:\/\/ameliapousada.com.br\/wp-content\/uploads\/2017\/02\/praca-biribiri.jpg 200w, https:\/\/ameliapousada.com.br\/wp-content\/uploads\/2017\/02\/praca-biribiri-80x80.jpg 80w, https:\/\/ameliapousada.com.br\/wp-content\/uploads\/2017\/02\/praca-biribiri-36x36.jpg 36w, https:\/\/ameliapousada.com.br\/wp-content\/uploads\/2017\/02\/praca-biribiri-180x180.jpg 180w, https:\/\/ameliapousada.com.br\/wp-content\/uploads\/2017\/02\/praca-biribiri-120x120.jpg 120w\" data-sizes=\"(max-width: 200px) 100vw, 200px\"  aria-label=\"imagen Vila Biribiri\"  id='av-masonry-1-item-2852' data-av-masonry-item='2852' class='av-masonry-entry isotope-item post-2852 attachment type-attachment status-inherit hentry post-type-attachment post-slug-praca-biribiri-3 attachment-slug-praca-biribiri-3  av-masonry-item-with-image' title=\"Vila Biribiri\" alt=\"\"    itemprop=\"thumbnailUrl\" ><div class='av-inner-masonry-sizer'><\/div><figure class='av-inner-masonry main_color'><div class=\"av-masonry-outerimage-container\"><div class='av-masonry-image-container' style=\"background-image: url(https:\/\/ameliapousada.com.br\/wp-content\/uploads\/2017\/02\/praca-biribiri.jpg);\"  title=\"Vila Biribiri\"  ><\/div><\/div><\/figure><\/a><!--end av-masonry entry--><a href=\"https:\/\/ameliapousada.com.br\/wp-content\/uploads\/2017\/02\/orgao-igreja-carmo.jpg\" data-srcset=\"https:\/\/ameliapousada.com.br\/wp-content\/uploads\/2017\/02\/orgao-igreja-carmo.jpg 200w, https:\/\/ameliapousada.com.br\/wp-content\/uploads\/2017\/02\/orgao-igreja-carmo-80x80.jpg 80w, https:\/\/ameliapousada.com.br\/wp-content\/uploads\/2017\/02\/orgao-igreja-carmo-36x36.jpg 36w, https:\/\/ameliapousada.com.br\/wp-content\/uploads\/2017\/02\/orgao-igreja-carmo-180x180.jpg 180w, https:\/\/ameliapousada.com.br\/wp-content\/uploads\/2017\/02\/orgao-igreja-carmo-120x120.jpg 120w\" data-sizes=\"(max-width: 200px) 100vw, 200px\"  aria-label=\"imagen orgao igreja carmo\"  id='av-masonry-1-item-2842' data-av-masonry-item='2842' class='av-masonry-entry isotope-item post-2842 attachment type-attachment status-inherit hentry post-type-attachment post-slug-orgao-igreja-carmo-2 attachment-slug-orgao-igreja-carmo-2  av-masonry-item-with-image' title=\"orgao igreja carmo\" alt=\"\"    itemprop=\"thumbnailUrl\" ><div class='av-inner-masonry-sizer'><\/div><figure class='av-inner-masonry main_color'><div class=\"av-masonry-outerimage-container\"><div class='av-masonry-image-container' style=\"background-image: url(https:\/\/ameliapousada.com.br\/wp-content\/uploads\/2017\/02\/orgao-igreja-carmo.jpg);\"  title=\"orgao igreja carmo\"  ><\/div><\/div><\/figure><\/a><!--end av-masonry entry--><a href=\"https:\/\/ameliapousada.com.br\/wp-content\/uploads\/2017\/02\/macacos.jpg\" data-srcset=\"https:\/\/ameliapousada.com.br\/wp-content\/uploads\/2017\/02\/macacos.jpg 309w, https:\/\/ameliapousada.com.br\/wp-content\/uploads\/2017\/02\/macacos-270x180.jpg 270w\" data-sizes=\"(max-width: 309px) 100vw, 309px\"  aria-label=\"imagen S\u00e3o Jo\u00e3o da Chapada\"  id='av-masonry-1-item-2834' data-av-masonry-item='2834' class='av-masonry-entry isotope-item post-2834 attachment type-attachment status-inherit hentry post-type-attachment post-slug-macacos-2 attachment-slug-macacos-2  av-masonry-item-with-image' title=\"S\u00e3o Jo\u00e3o da Chapada\" alt=\"\"    itemprop=\"thumbnailUrl\" ><div class='av-inner-masonry-sizer'><\/div><figure class='av-inner-masonry main_color'><div class=\"av-masonry-outerimage-container\"><div class='av-masonry-image-container' style=\"background-image: url(https:\/\/ameliapousada.com.br\/wp-content\/uploads\/2017\/02\/macacos.jpg);\"  title=\"S\u00e3o Jo\u00e3o da Chapada\"  ><\/div><\/div><\/figure><\/a><!--end av-masonry entry--><a href=\"https:\/\/ameliapousada.com.br\/wp-content\/uploads\/2017\/02\/manifestacao-cultural-curralinho.jpg\" data-srcset=\"https:\/\/ameliapousada.com.br\/wp-content\/uploads\/2017\/02\/manifestacao-cultural-curralinho.jpg 308w, https:\/\/ameliapousada.com.br\/wp-content\/uploads\/2017\/02\/manifestacao-cultural-curralinho-270x181.jpg 270w\" data-sizes=\"(max-width: 308px) 100vw, 308px\"  aria-label=\"imagen manifesta\u00e7\u00e3o cultural curralinho\"  id='av-masonry-1-item-2836' data-av-masonry-item='2836' class='av-masonry-entry isotope-item post-2836 attachment type-attachment status-inherit hentry post-type-attachment post-slug-manifestacao-cultural-curralinho-2 attachment-slug-manifestacao-cultural-curralinho-2  av-masonry-item-with-image' title=\"manifesta\u00e7\u00e3o cultural curralinho\" alt=\"\"    itemprop=\"thumbnailUrl\" ><div class='av-inner-masonry-sizer'><\/div><figure class='av-inner-masonry main_color'><div class=\"av-masonry-outerimage-container\"><div class='av-masonry-image-container' style=\"background-image: url(https:\/\/ameliapousada.com.br\/wp-content\/uploads\/2017\/02\/manifestacao-cultural-curralinho.jpg);\"  title=\"manifesta\u00e7\u00e3o cultural curralinho\"  ><\/div><\/div><\/figure><\/a><!--end av-masonry entry--><a href=\"https:\/\/ameliapousada.com.br\/wp-content\/uploads\/2017\/02\/festa-religiosa-curralinho2.jpg\" data-srcset=\"https:\/\/ameliapousada.com.br\/wp-content\/uploads\/2017\/02\/festa-religiosa-curralinho2.jpg 960w, https:\/\/ameliapousada.com.br\/wp-content\/uploads\/2017\/02\/festa-religiosa-curralinho2-270x179.jpg 270w, https:\/\/ameliapousada.com.br\/wp-content\/uploads\/2017\/02\/festa-religiosa-curralinho2-768x510.jpg 768w, https:\/\/ameliapousada.com.br\/wp-content\/uploads\/2017\/02\/festa-religiosa-curralinho2-705x469.jpg 705w, https:\/\/ameliapousada.com.br\/wp-content\/uploads\/2017\/02\/festa-religiosa-curralinho2-450x299.jpg 450w\" data-sizes=\"(max-width: 960px) 100vw, 960px\"  aria-label=\"imagen Festa religiosa Curralinho2\"  id='av-masonry-1-item-2824' data-av-masonry-item='2824' class='av-masonry-entry isotope-item post-2824 attachment type-attachment status-inherit hentry post-type-attachment post-slug-festa-religiosa-curralinho2-2 attachment-slug-festa-religiosa-curralinho2-2  av-masonry-item-with-image' title=\"Festa religiosa Curralinho2\" alt=\"\"    itemprop=\"thumbnailUrl\" ><div class='av-inner-masonry-sizer'><\/div><figure class='av-inner-masonry main_color'><div class=\"av-masonry-outerimage-container\"><div class='av-masonry-image-container' style=\"background-image: url(https:\/\/ameliapousada.com.br\/wp-content\/uploads\/2017\/02\/festa-religiosa-curralinho2-705x469.jpg);\"  title=\"Festa religiosa Curralinho2\"  ><\/div><\/div><\/figure><\/a><!--end av-masonry entry--><a href=\"https:\/\/ameliapousada.com.br\/wp-content\/uploads\/2017\/02\/igreja-rosario.jpg\" data-srcset=\"https:\/\/ameliapousada.com.br\/wp-content\/uploads\/2017\/02\/igreja-rosario.jpg 720w, https:\/\/ameliapousada.com.br\/wp-content\/uploads\/2017\/02\/igreja-rosario-203x270.jpg 203w, https:\/\/ameliapousada.com.br\/wp-content\/uploads\/2017\/02\/igreja-rosario-529x705.jpg 529w, https:\/\/ameliapousada.com.br\/wp-content\/uploads\/2017\/02\/igreja-rosario-450x600.jpg 450w\" data-sizes=\"(max-width: 720px) 100vw, 720px\"  aria-label=\"imagen Igreja do Ros\u00e1rio\"  id='av-masonry-1-item-2826' data-av-masonry-item='2826' class='av-masonry-entry isotope-item post-2826 attachment type-attachment status-inherit hentry post-type-attachment post-slug-igreja-rosario-2 attachment-slug-igreja-rosario-2  av-masonry-item-with-image' title=\"Igreja do Ros\u00e1rio\" alt=\"\"    itemprop=\"thumbnailUrl\" ><div class='av-inner-masonry-sizer'><\/div><figure class='av-inner-masonry main_color'><div class=\"av-masonry-outerimage-container\"><div class='av-masonry-image-container' style=\"background-image: url(https:\/\/ameliapousada.com.br\/wp-content\/uploads\/2017\/02\/igreja-rosario-529x705.jpg);\"  title=\"Igreja do Ros\u00e1rio\"  ><\/div><\/div><\/figure><\/a><!--end av-masonry entry--><a href=\"https:\/\/ameliapousada.com.br\/wp-content\/uploads\/2017\/02\/igreja-sao-francisco-final-tarde.jpg\" data-srcset=\"https:\/\/ameliapousada.com.br\/wp-content\/uploads\/2017\/02\/igreja-sao-francisco-final-tarde.jpg 960w, https:\/\/ameliapousada.com.br\/wp-content\/uploads\/2017\/02\/igreja-sao-francisco-final-tarde-270x203.jpg 270w, https:\/\/ameliapousada.com.br\/wp-content\/uploads\/2017\/02\/igreja-sao-francisco-final-tarde-768x576.jpg 768w, https:\/\/ameliapousada.com.br\/wp-content\/uploads\/2017\/02\/igreja-sao-francisco-final-tarde-705x529.jpg 705w, https:\/\/ameliapousada.com.br\/wp-content\/uploads\/2017\/02\/igreja-sao-francisco-final-tarde-450x338.jpg 450w\" data-sizes=\"(max-width: 960px) 100vw, 960px\"  aria-label=\"imagen Rua Direita\"  id='av-masonry-1-item-2828' data-av-masonry-item='2828' class='av-masonry-entry isotope-item post-2828 attachment type-attachment status-inherit hentry post-type-attachment post-slug-igreja-sao-francisco-final-tarde-2 attachment-slug-igreja-sao-francisco-final-tarde-2  av-masonry-item-with-image' title=\"Rua Direita\" alt=\"\"    itemprop=\"thumbnailUrl\" ><div class='av-inner-masonry-sizer'><\/div><figure class='av-inner-masonry main_color'><div class=\"av-masonry-outerimage-container\"><div class='av-masonry-image-container' style=\"background-image: url(https:\/\/ameliapousada.com.br\/wp-content\/uploads\/2017\/02\/igreja-sao-francisco-final-tarde-705x529.jpg);\"  title=\"Rua Direita\"  ><\/div><\/div><\/figure><\/a><!--end av-masonry entry--><a href=\"https:\/\/ameliapousada.com.br\/wp-content\/uploads\/2017\/02\/imagem-panoramica-centro.jpg\" data-srcset=\"https:\/\/ameliapousada.com.br\/wp-content\/uploads\/2017\/02\/imagem-panoramica-centro.jpg 960w, https:\/\/ameliapousada.com.br\/wp-content\/uploads\/2017\/02\/imagem-panoramica-centro-270x203.jpg 270w, https:\/\/ameliapousada.com.br\/wp-content\/uploads\/2017\/02\/imagem-panoramica-centro-768x576.jpg 768w, https:\/\/ameliapousada.com.br\/wp-content\/uploads\/2017\/02\/imagem-panoramica-centro-705x529.jpg 705w, https:\/\/ameliapousada.com.br\/wp-content\/uploads\/2017\/02\/imagem-panoramica-centro-450x338.jpg 450w\" data-sizes=\"(max-width: 960px) 100vw, 960px\"  aria-label=\"imagen Panoramica Centro\"  id='av-masonry-1-item-2830' data-av-masonry-item='2830' class='av-masonry-entry isotope-item post-2830 attachment type-attachment status-inherit hentry post-type-attachment post-slug-imagem-panoramica-centro-2 attachment-slug-imagem-panoramica-centro-2  av-masonry-item-with-image' title=\"Panoramica Centro\" alt=\"\"    itemprop=\"thumbnailUrl\" ><div class='av-inner-masonry-sizer'><\/div><figure class='av-inner-masonry main_color'><div class=\"av-masonry-outerimage-container\"><div class='av-masonry-image-container' style=\"background-image: url(https:\/\/ameliapousada.com.br\/wp-content\/uploads\/2017\/02\/imagem-panoramica-centro-705x529.jpg);\"  title=\"Panoramica Centro\"  ><\/div><\/div><\/figure><\/a><!--end av-masonry entry--><a href=\"https:\/\/ameliapousada.com.br\/wp-content\/uploads\/2017\/02\/jequitinhonha.jpg\" data-srcset=\"https:\/\/ameliapousada.com.br\/wp-content\/uploads\/2017\/02\/jequitinhonha.jpg 960w, https:\/\/ameliapousada.com.br\/wp-content\/uploads\/2017\/02\/jequitinhonha-270x203.jpg 270w, https:\/\/ameliapousada.com.br\/wp-content\/uploads\/2017\/02\/jequitinhonha-768x576.jpg 768w, https:\/\/ameliapousada.com.br\/wp-content\/uploads\/2017\/02\/jequitinhonha-705x529.jpg 705w, https:\/\/ameliapousada.com.br\/wp-content\/uploads\/2017\/02\/jequitinhonha-450x338.jpg 450w\" data-sizes=\"(max-width: 960px) 100vw, 960px\"  aria-label=\"imagen Rio Jequitinhonha\"  id='av-masonry-1-item-2832' data-av-masonry-item='2832' class='av-masonry-entry isotope-item post-2832 attachment type-attachment status-inherit hentry post-type-attachment post-slug-jequitinhonha-2 attachment-slug-jequitinhonha-2  av-masonry-item-with-image' title=\"Rio Jequitinhonha\" alt=\"\"    itemprop=\"thumbnailUrl\" ><div class='av-inner-masonry-sizer'><\/div><figure class='av-inner-masonry main_color'><div class=\"av-masonry-outerimage-container\"><div class='av-masonry-image-container' style=\"background-image: url(https:\/\/ameliapousada.com.br\/wp-content\/uploads\/2017\/02\/jequitinhonha-705x529.jpg);\"  title=\"Rio Jequitinhonha\"  ><\/div><\/div><\/figure><\/a><!--end av-masonry entry--><a href=\"https:\/\/ameliapousada.com.br\/wp-content\/uploads\/2017\/02\/festa-religiosa-curralinho.jpg\" data-srcset=\"https:\/\/ameliapousada.com.br\/wp-content\/uploads\/2017\/02\/festa-religiosa-curralinho.jpg 960w, https:\/\/ameliapousada.com.br\/wp-content\/uploads\/2017\/02\/festa-religiosa-curralinho-270x179.jpg 270w, https:\/\/ameliapousada.com.br\/wp-content\/uploads\/2017\/02\/festa-religiosa-curralinho-768x510.jpg 768w, https:\/\/ameliapousada.com.br\/wp-content\/uploads\/2017\/02\/festa-religiosa-curralinho-705x469.jpg 705w, https:\/\/ameliapousada.com.br\/wp-content\/uploads\/2017\/02\/festa-religiosa-curralinho-450x299.jpg 450w\" data-sizes=\"(max-width: 960px) 100vw, 960px\"  aria-label=\"imagen Festa religiosa Curralinho\"  id='av-masonry-1-item-2822' data-av-masonry-item='2822' class='av-masonry-entry isotope-item post-2822 attachment type-attachment status-inherit hentry post-type-attachment post-slug-festa-religiosa-curralinho-2 attachment-slug-festa-religiosa-curralinho-2  av-masonry-item-with-image' title=\"Festa religiosa Curralinho\" alt=\"\"    itemprop=\"thumbnailUrl\" ><div class='av-inner-masonry-sizer'><\/div><figure class='av-inner-masonry main_color'><div class=\"av-masonry-outerimage-container\"><div class='av-masonry-image-container' style=\"background-image: url(https:\/\/ameliapousada.com.br\/wp-content\/uploads\/2017\/02\/festa-religiosa-curralinho-705x469.jpg);\"  title=\"Festa religiosa Curralinho\"  ><\/div><\/div><\/figure><\/a><!--end av-masonry entry--><a href=\"https:\/\/ameliapousada.com.br\/wp-content\/uploads\/2017\/02\/covao.jpg\" data-srcset=\"https:\/\/ameliapousada.com.br\/wp-content\/uploads\/2017\/02\/covao.jpg 960w, https:\/\/ameliapousada.com.br\/wp-content\/uploads\/2017\/02\/covao-270x203.jpg 270w, https:\/\/ameliapousada.com.br\/wp-content\/uploads\/2017\/02\/covao-768x576.jpg 768w, https:\/\/ameliapousada.com.br\/wp-content\/uploads\/2017\/02\/covao-705x529.jpg 705w, https:\/\/ameliapousada.com.br\/wp-content\/uploads\/2017\/02\/covao-450x338.jpg 450w\" data-sizes=\"(max-width: 960px) 100vw, 960px\"  aria-label=\"imagen covao\"  id='av-masonry-1-item-2820' data-av-masonry-item='2820' class='av-masonry-entry isotope-item post-2820 attachment type-attachment status-inherit hentry post-type-attachment post-slug-covao-2 attachment-slug-covao-2  av-masonry-item-with-image' title=\"covao\" alt=\"\"    itemprop=\"thumbnailUrl\" ><div class='av-inner-masonry-sizer'><\/div><figure class='av-inner-masonry main_color'><div class=\"av-masonry-outerimage-container\"><div class='av-masonry-image-container' style=\"background-image: url(https:\/\/ameliapousada.com.br\/wp-content\/uploads\/2017\/02\/covao-705x529.jpg);\"  title=\"covao\"  ><\/div><\/div><\/figure><\/a><!--end av-masonry entry--><a href=\"https:\/\/ameliapousada.com.br\/wp-content\/uploads\/2017\/02\/centro-historico.jpg\" data-srcset=\"https:\/\/ameliapousada.com.br\/wp-content\/uploads\/2017\/02\/centro-historico.jpg 960w, https:\/\/ameliapousada.com.br\/wp-content\/uploads\/2017\/02\/centro-historico-270x103.jpg 270w, https:\/\/ameliapousada.com.br\/wp-content\/uploads\/2017\/02\/centro-historico-768x293.jpg 768w, https:\/\/ameliapousada.com.br\/wp-content\/uploads\/2017\/02\/centro-historico-705x269.jpg 705w, https:\/\/ameliapousada.com.br\/wp-content\/uploads\/2017\/02\/centro-historico-845x321.jpg 845w, https:\/\/ameliapousada.com.br\/wp-content\/uploads\/2017\/02\/centro-historico-450x172.jpg 450w\" data-sizes=\"(max-width: 960px) 100vw, 960px\"  aria-label=\"imagen centro historico\"  id='av-masonry-1-item-2818' data-av-masonry-item='2818' class='av-masonry-entry isotope-item post-2818 attachment type-attachment status-inherit hentry post-type-attachment post-slug-centro-historico-2 attachment-slug-centro-historico-2  av-masonry-item-with-image' title=\"centro historico\" alt=\"\"    itemprop=\"thumbnailUrl\" ><div class='av-inner-masonry-sizer'><\/div><figure class='av-inner-masonry main_color'><div class=\"av-masonry-outerimage-container\"><div class='av-masonry-image-container' style=\"background-image: url(https:\/\/ameliapousada.com.br\/wp-content\/uploads\/2017\/02\/centro-historico-705x269.jpg);\"  title=\"centro historico\"  ><\/div><\/div><\/figure><\/a><!--end av-masonry entry--><a href=\"https:\/\/ameliapousada.com.br\/wp-content\/uploads\/2017\/02\/caminho-bica-dagua2.jpg\" data-srcset=\"https:\/\/ameliapousada.com.br\/wp-content\/uploads\/2017\/02\/caminho-bica-dagua2.jpg 960w, https:\/\/ameliapousada.com.br\/wp-content\/uploads\/2017\/02\/caminho-bica-dagua2-270x67.jpg 270w, https:\/\/ameliapousada.com.br\/wp-content\/uploads\/2017\/02\/caminho-bica-dagua2-768x190.jpg 768w, https:\/\/ameliapousada.com.br\/wp-content\/uploads\/2017\/02\/caminho-bica-dagua2-705x174.jpg 705w, https:\/\/ameliapousada.com.br\/wp-content\/uploads\/2017\/02\/caminho-bica-dagua2-450x111.jpg 450w\" data-sizes=\"(max-width: 960px) 100vw, 960px\"  aria-label=\"imagen Paisagem\"  id='av-masonry-1-item-2804' data-av-masonry-item='2804' class='av-masonry-entry isotope-item post-2804 attachment type-attachment status-inherit hentry post-type-attachment post-slug-caminho-bica-dagua2-2 attachment-slug-caminho-bica-dagua2-2  av-masonry-item-with-image' title=\"Paisagem\" alt=\"\"    itemprop=\"thumbnailUrl\" ><div class='av-inner-masonry-sizer'><\/div><figure class='av-inner-masonry main_color'><div class=\"av-masonry-outerimage-container\"><div class='av-masonry-image-container' style=\"background-image: url(https:\/\/ameliapousada.com.br\/wp-content\/uploads\/2017\/02\/caminho-bica-dagua2-705x174.jpg);\"  title=\"Paisagem\"  ><\/div><\/div><\/figure><\/a><!--end av-masonry entry--><a href=\"https:\/\/ameliapousada.com.br\/wp-content\/uploads\/2017\/02\/caminho-bica-dagua3.jpg\" data-srcset=\"https:\/\/ameliapousada.com.br\/wp-content\/uploads\/2017\/02\/caminho-bica-dagua3.jpg 960w, https:\/\/ameliapousada.com.br\/wp-content\/uploads\/2017\/02\/caminho-bica-dagua3-270x152.jpg 270w, https:\/\/ameliapousada.com.br\/wp-content\/uploads\/2017\/02\/caminho-bica-dagua3-768x431.jpg 768w, https:\/\/ameliapousada.com.br\/wp-content\/uploads\/2017\/02\/caminho-bica-dagua3-705x396.jpg 705w, https:\/\/ameliapousada.com.br\/wp-content\/uploads\/2017\/02\/caminho-bica-dagua3-450x253.jpg 450w\" data-sizes=\"(max-width: 960px) 100vw, 960px\"  aria-label=\"imagen Paisagem\"  id='av-masonry-1-item-2806' data-av-masonry-item='2806' class='av-masonry-entry isotope-item post-2806 attachment type-attachment status-inherit hentry post-type-attachment post-slug-caminho-bica-dagua3-2 attachment-slug-caminho-bica-dagua3-2  av-masonry-item-with-image' title=\"Paisagem\" alt=\"\"    itemprop=\"thumbnailUrl\" ><div class='av-inner-masonry-sizer'><\/div><figure class='av-inner-masonry main_color'><div class=\"av-masonry-outerimage-container\"><div class='av-masonry-image-container' style=\"background-image: url(https:\/\/ameliapousada.com.br\/wp-content\/uploads\/2017\/02\/caminho-bica-dagua3-705x396.jpg);\"  title=\"Paisagem\"  ><\/div><\/div><\/figure><\/a><!--end av-masonry entry--><a href=\"https:\/\/ameliapousada.com.br\/wp-content\/uploads\/2017\/02\/caminho-escravos.jpg\" data-srcset=\"https:\/\/ameliapousada.com.br\/wp-content\/uploads\/2017\/02\/caminho-escravos.jpg 200w, https:\/\/ameliapousada.com.br\/wp-content\/uploads\/2017\/02\/caminho-escravos-80x80.jpg 80w, https:\/\/ameliapousada.com.br\/wp-content\/uploads\/2017\/02\/caminho-escravos-36x36.jpg 36w, https:\/\/ameliapousada.com.br\/wp-content\/uploads\/2017\/02\/caminho-escravos-180x180.jpg 180w, https:\/\/ameliapousada.com.br\/wp-content\/uploads\/2017\/02\/caminho-escravos-120x120.jpg 120w\" data-sizes=\"(max-width: 200px) 100vw, 200px\"  aria-label=\"imagen caminho escravos\"  id='av-masonry-1-item-2808' data-av-masonry-item='2808' class='av-masonry-entry isotope-item post-2808 attachment type-attachment status-inherit hentry post-type-attachment post-slug-caminho-escravos-2 attachment-slug-caminho-escravos-2  av-masonry-item-with-image' title=\"caminho escravos\" alt=\"\"    itemprop=\"thumbnailUrl\" ><div class='av-inner-masonry-sizer'><\/div><figure class='av-inner-masonry main_color'><div class=\"av-masonry-outerimage-container\"><div class='av-masonry-image-container' style=\"background-image: url(https:\/\/ameliapousada.com.br\/wp-content\/uploads\/2017\/02\/caminho-escravos.jpg);\"  title=\"caminho escravos\"  ><\/div><\/div><\/figure><\/a><!--end av-masonry entry--><a href=\"https:\/\/ameliapousada.com.br\/wp-content\/uploads\/2017\/02\/caminho-ponte-bica-dagua.jpg\" data-srcset=\"https:\/\/ameliapousada.com.br\/wp-content\/uploads\/2017\/02\/caminho-ponte-bica-dagua.jpg 200w, https:\/\/ameliapousada.com.br\/wp-content\/uploads\/2017\/02\/caminho-ponte-bica-dagua-80x80.jpg 80w, https:\/\/ameliapousada.com.br\/wp-content\/uploads\/2017\/02\/caminho-ponte-bica-dagua-36x36.jpg 36w, https:\/\/ameliapousada.com.br\/wp-content\/uploads\/2017\/02\/caminho-ponte-bica-dagua-180x180.jpg 180w, https:\/\/ameliapousada.com.br\/wp-content\/uploads\/2017\/02\/caminho-ponte-bica-dagua-120x120.jpg 120w\" data-sizes=\"(max-width: 200px) 100vw, 200px\"  aria-label=\"imagen Bica D&#8217;agua\"  id='av-masonry-1-item-2810' data-av-masonry-item='2810' class='av-masonry-entry isotope-item post-2810 attachment type-attachment status-inherit hentry post-type-attachment post-slug-caminho-ponte-bica-dagua-2 attachment-slug-caminho-ponte-bica-dagua-2  av-masonry-item-with-image' title=\"Bica D&#8217;agua\" alt=\"\"    itemprop=\"thumbnailUrl\" ><div class='av-inner-masonry-sizer'><\/div><figure class='av-inner-masonry main_color'><div class=\"av-masonry-outerimage-container\"><div class='av-masonry-image-container' style=\"background-image: url(https:\/\/ameliapousada.com.br\/wp-content\/uploads\/2017\/02\/caminho-ponte-bica-dagua.jpg);\"  title=\"Bica D&#8217;agua\"  ><\/div><\/div><\/figure><\/a><!--end av-masonry entry--><a href=\"https:\/\/ameliapousada.com.br\/wp-content\/uploads\/2017\/02\/caminho-bica-dagua.jpg\" data-srcset=\"https:\/\/ameliapousada.com.br\/wp-content\/uploads\/2017\/02\/caminho-bica-dagua.jpg 960w, https:\/\/ameliapousada.com.br\/wp-content\/uploads\/2017\/02\/caminho-bica-dagua-270x203.jpg 270w, https:\/\/ameliapousada.com.br\/wp-content\/uploads\/2017\/02\/caminho-bica-dagua-768x576.jpg 768w, https:\/\/ameliapousada.com.br\/wp-content\/uploads\/2017\/02\/caminho-bica-dagua-705x529.jpg 705w, https:\/\/ameliapousada.com.br\/wp-content\/uploads\/2017\/02\/caminho-bica-dagua-450x338.jpg 450w\" data-sizes=\"(max-width: 960px) 100vw, 960px\"  aria-label=\"imagen Paisagem\"  id='av-masonry-1-item-2802' data-av-masonry-item='2802' class='av-masonry-entry isotope-item post-2802 attachment type-attachment status-inherit hentry post-type-attachment post-slug-caminho-bica-dagua-2 attachment-slug-caminho-bica-dagua-2  av-masonry-item-with-image' title=\"Paisagem\" alt=\"\"    itemprop=\"thumbnailUrl\" ><div class='av-inner-masonry-sizer'><\/div><figure class='av-inner-masonry main_color'><div class=\"av-masonry-outerimage-container\"><div class='av-masonry-image-container' style=\"background-image: url(https:\/\/ameliapousada.com.br\/wp-content\/uploads\/2017\/02\/caminho-bica-dagua-705x529.jpg);\"  title=\"Paisagem\"  ><\/div><\/div><\/figure><\/a><!--end av-masonry entry--><a href=\"https:\/\/ameliapousada.com.br\/wp-content\/uploads\/2017\/02\/cachoeira-cristais.jpg\" data-srcset=\"https:\/\/ameliapousada.com.br\/wp-content\/uploads\/2017\/02\/cachoeira-cristais.jpg 960w, https:\/\/ameliapousada.com.br\/wp-content\/uploads\/2017\/02\/cachoeira-cristais-270x179.jpg 270w, https:\/\/ameliapousada.com.br\/wp-content\/uploads\/2017\/02\/cachoeira-cristais-768x510.jpg 768w, https:\/\/ameliapousada.com.br\/wp-content\/uploads\/2017\/02\/cachoeira-cristais-705x469.jpg 705w, https:\/\/ameliapousada.com.br\/wp-content\/uploads\/2017\/02\/cachoeira-cristais-450x299.jpg 450w\" data-sizes=\"(max-width: 960px) 100vw, 960px\"  aria-label=\"imagen Bica D&#8217;agua\"  id='av-masonry-1-item-2800' data-av-masonry-item='2800' class='av-masonry-entry isotope-item post-2800 attachment type-attachment status-inherit hentry post-type-attachment post-slug-cachoeira-cristais-2 attachment-slug-cachoeira-cristais-2  av-masonry-item-with-image' title=\"Bica D&#8217;agua\" alt=\"\"    itemprop=\"thumbnailUrl\" ><div class='av-inner-masonry-sizer'><\/div><figure class='av-inner-masonry main_color'><div class=\"av-masonry-outerimage-container\"><div class='av-masonry-image-container' style=\"background-image: url(https:\/\/ameliapousada.com.br\/wp-content\/uploads\/2017\/02\/cachoeira-cristais-705x469.jpg);\"  title=\"Bica D&#8217;agua\"  ><\/div><\/div><\/figure><\/a><!--end av-masonry entry--><a href=\"https:\/\/ameliapousada.com.br\/wp-content\/uploads\/2017\/02\/cachoeira-bica-dagua3.jpg\" data-srcset=\"https:\/\/ameliapousada.com.br\/wp-content\/uploads\/2017\/02\/cachoeira-bica-dagua3.jpg 960w, https:\/\/ameliapousada.com.br\/wp-content\/uploads\/2017\/02\/cachoeira-bica-dagua3-270x179.jpg 270w, https:\/\/ameliapousada.com.br\/wp-content\/uploads\/2017\/02\/cachoeira-bica-dagua3-768x510.jpg 768w, https:\/\/ameliapousada.com.br\/wp-content\/uploads\/2017\/02\/cachoeira-bica-dagua3-705x469.jpg 705w, https:\/\/ameliapousada.com.br\/wp-content\/uploads\/2017\/02\/cachoeira-bica-dagua3-450x299.jpg 450w\" data-sizes=\"(max-width: 960px) 100vw, 960px\"  aria-label=\"imagen Bica D&#8217;agua\"  id='av-masonry-1-item-2798' data-av-masonry-item='2798' class='av-masonry-entry isotope-item post-2798 attachment type-attachment status-inherit hentry post-type-attachment post-slug-cachoeira-bica-dagua3-2 attachment-slug-cachoeira-bica-dagua3-2  av-masonry-item-with-image' title=\"Bica D&#8217;agua\" alt=\"\"    itemprop=\"thumbnailUrl\" ><div class='av-inner-masonry-sizer'><\/div><figure class='av-inner-masonry main_color'><div class=\"av-masonry-outerimage-container\"><div class='av-masonry-image-container' style=\"background-image: url(https:\/\/ameliapousada.com.br\/wp-content\/uploads\/2017\/02\/cachoeira-bica-dagua3-705x469.jpg);\"  title=\"Bica D&#8217;agua\"  ><\/div><\/div><\/figure><\/a><!--end av-masonry entry--><a href=\"https:\/\/ameliapousada.com.br\/wp-content\/uploads\/2017\/02\/cachoeira-bica-dagua2.jpg\" data-srcset=\"https:\/\/ameliapousada.com.br\/wp-content\/uploads\/2017\/02\/cachoeira-bica-dagua2.jpg 960w, https:\/\/ameliapousada.com.br\/wp-content\/uploads\/2017\/02\/cachoeira-bica-dagua2-270x179.jpg 270w, https:\/\/ameliapousada.com.br\/wp-content\/uploads\/2017\/02\/cachoeira-bica-dagua2-768x510.jpg 768w, https:\/\/ameliapousada.com.br\/wp-content\/uploads\/2017\/02\/cachoeira-bica-dagua2-705x469.jpg 705w, https:\/\/ameliapousada.com.br\/wp-content\/uploads\/2017\/02\/cachoeira-bica-dagua2-450x299.jpg 450w\" data-sizes=\"(max-width: 960px) 100vw, 960px\"  aria-label=\"imagen Bica D&#8217;agua\"  id='av-masonry-1-item-2796' data-av-masonry-item='2796' class='av-masonry-entry isotope-item post-2796 attachment type-attachment status-inherit hentry post-type-attachment post-slug-cachoeira-bica-dagua2-2 attachment-slug-cachoeira-bica-dagua2-2  av-masonry-item-with-image' title=\"Bica D&#8217;agua\" alt=\"\"    itemprop=\"thumbnailUrl\" ><div class='av-inner-masonry-sizer'><\/div><figure class='av-inner-masonry main_color'><div class=\"av-masonry-outerimage-container\"><div class='av-masonry-image-container' style=\"background-image: url(https:\/\/ameliapousada.com.br\/wp-content\/uploads\/2017\/02\/cachoeira-bica-dagua2-705x469.jpg);\"  title=\"Bica D&#8217;agua\"  ><\/div><\/div><\/figure><\/a><!--end av-masonry entry--><a href=\"https:\/\/ameliapousada.com.br\/wp-content\/uploads\/2017\/02\/cachoeira-bica-dagua.jpg\" data-srcset=\"https:\/\/ameliapousada.com.br\/wp-content\/uploads\/2017\/02\/cachoeira-bica-dagua.jpg 200w, https:\/\/ameliapousada.com.br\/wp-content\/uploads\/2017\/02\/cachoeira-bica-dagua-80x80.jpg 80w, https:\/\/ameliapousada.com.br\/wp-content\/uploads\/2017\/02\/cachoeira-bica-dagua-36x36.jpg 36w, https:\/\/ameliapousada.com.br\/wp-content\/uploads\/2017\/02\/cachoeira-bica-dagua-180x180.jpg 180w, https:\/\/ameliapousada.com.br\/wp-content\/uploads\/2017\/02\/cachoeira-bica-dagua-120x120.jpg 120w\" data-sizes=\"(max-width: 200px) 100vw, 200px\"  aria-label=\"imagen cachoeira bica dagua\"  id='av-masonry-1-item-2794' data-av-masonry-item='2794' class='av-masonry-entry isotope-item post-2794 attachment type-attachment status-inherit hentry post-type-attachment post-slug-cachoeira-bica-dagua-2 attachment-slug-cachoeira-bica-dagua-2  av-masonry-item-with-image' title=\"cachoeira bica dagua\" alt=\"\"    itemprop=\"thumbnailUrl\" ><div class='av-inner-masonry-sizer'><\/div><figure class='av-inner-masonry main_color'><div class=\"av-masonry-outerimage-container\"><div class='av-masonry-image-container' style=\"background-image: url(https:\/\/ameliapousada.com.br\/wp-content\/uploads\/2017\/02\/cachoeira-bica-dagua.jpg);\"  title=\"cachoeira bica dagua\"  ><\/div><\/div><\/figure><\/a><!--end av-masonry entry--><a href=\"https:\/\/ameliapousada.com.br\/wp-content\/uploads\/2017\/02\/visao-passadico.jpg\" data-srcset=\"https:\/\/ameliapousada.com.br\/wp-content\/uploads\/2017\/02\/visao-passadico.jpg 200w, https:\/\/ameliapousada.com.br\/wp-content\/uploads\/2017\/02\/visao-passadico-80x80.jpg 80w, https:\/\/ameliapousada.com.br\/wp-content\/uploads\/2017\/02\/visao-passadico-36x36.jpg 36w, https:\/\/ameliapousada.com.br\/wp-content\/uploads\/2017\/02\/visao-passadico-180x180.jpg 180w, https:\/\/ameliapousada.com.br\/wp-content\/uploads\/2017\/02\/visao-passadico-120x120.jpg 120w\" data-sizes=\"(max-width: 200px) 100vw, 200px\"  aria-label=\"imagen Casa da Gl\u00f3ria\"  id='av-masonry-1-item-2784' data-av-masonry-item='2784' class='av-masonry-entry isotope-item post-2784 attachment type-attachment status-inherit hentry post-type-attachment post-slug-visao-passadico-2 attachment-slug-visao-passadico-2  av-masonry-item-with-image' title=\"Casa da Gl\u00f3ria\" alt=\"\"    itemprop=\"thumbnailUrl\" ><div class='av-inner-masonry-sizer'><\/div><figure class='av-inner-masonry main_color'><div class=\"av-masonry-outerimage-container\"><div class='av-masonry-image-container' style=\"background-image: url(https:\/\/ameliapousada.com.br\/wp-content\/uploads\/2017\/02\/visao-passadico.jpg);\"  title=\"Casa da Gl\u00f3ria\"  ><\/div><\/div><\/figure><\/a><!--end av-masonry entry--><a href=\"https:\/\/ameliapousada.com.br\/wp-content\/uploads\/2017\/02\/arredores-barao-guaicui.jpg\" data-srcset=\"https:\/\/ameliapousada.com.br\/wp-content\/uploads\/2017\/02\/arredores-barao-guaicui.jpg 960w, https:\/\/ameliapousada.com.br\/wp-content\/uploads\/2017\/02\/arredores-barao-guaicui-270x203.jpg 270w, https:\/\/ameliapousada.com.br\/wp-content\/uploads\/2017\/02\/arredores-barao-guaicui-768x576.jpg 768w, https:\/\/ameliapousada.com.br\/wp-content\/uploads\/2017\/02\/arredores-barao-guaicui-705x529.jpg 705w, https:\/\/ameliapousada.com.br\/wp-content\/uploads\/2017\/02\/arredores-barao-guaicui-450x338.jpg 450w\" data-sizes=\"(max-width: 960px) 100vw, 960px\"  aria-label=\"imagen Bar\u00e3o do Guiacu\u00ed\"  id='av-masonry-1-item-2786' data-av-masonry-item='2786' class='av-masonry-entry isotope-item post-2786 attachment type-attachment status-inherit hentry post-type-attachment post-slug-arredores-barao-guaicui-2 attachment-slug-arredores-barao-guaicui-2  av-masonry-item-with-image' title=\"Bar\u00e3o do Guiacu\u00ed\" alt=\"\"    itemprop=\"thumbnailUrl\" ><div class='av-inner-masonry-sizer'><\/div><figure class='av-inner-masonry main_color'><div class=\"av-masonry-outerimage-container\"><div class='av-masonry-image-container' style=\"background-image: url(https:\/\/ameliapousada.com.br\/wp-content\/uploads\/2017\/02\/arredores-barao-guaicui-705x529.jpg);\"  title=\"Bar\u00e3o do Guiacu\u00ed\"  ><\/div><\/div><\/figure><\/a><!--end av-masonry entry--><a href=\"https:\/\/ameliapousada.com.br\/wp-content\/uploads\/2017\/02\/arte-miuda.jpg\" data-srcset=\"https:\/\/ameliapousada.com.br\/wp-content\/uploads\/2017\/02\/arte-miuda.jpg 960w, https:\/\/ameliapousada.com.br\/wp-content\/uploads\/2017\/02\/arte-miuda-270x203.jpg 270w, https:\/\/ameliapousada.com.br\/wp-content\/uploads\/2017\/02\/arte-miuda-768x576.jpg 768w, https:\/\/ameliapousada.com.br\/wp-content\/uploads\/2017\/02\/arte-miuda-705x529.jpg 705w, https:\/\/ameliapousada.com.br\/wp-content\/uploads\/2017\/02\/arte-miuda-450x338.jpg 450w\" data-sizes=\"(max-width: 960px) 100vw, 960px\"  aria-label=\"imagen Catedral de Santo Ant\u00f4nio\"  id='av-masonry-1-item-2788' data-av-masonry-item='2788' class='av-masonry-entry isotope-item post-2788 attachment type-attachment status-inherit hentry post-type-attachment post-slug-arte-miuda-2 attachment-slug-arte-miuda-2  av-masonry-item-with-image' title=\"Catedral de Santo Ant\u00f4nio\" alt=\"\"    itemprop=\"thumbnailUrl\" ><div class='av-inner-masonry-sizer'><\/div><figure class='av-inner-masonry main_color'><div class=\"av-masonry-outerimage-container\"><div class='av-masonry-image-container' style=\"background-image: url(https:\/\/ameliapousada.com.br\/wp-content\/uploads\/2017\/02\/arte-miuda-705x529.jpg);\"  title=\"Catedral de Santo Ant\u00f4nio\"  ><\/div><\/div><\/figure><\/a><!--end av-masonry entry--><a href=\"https:\/\/ameliapousada.com.br\/wp-content\/uploads\/2017\/02\/barraquinha-sto-antornio.jpg\" data-srcset=\"https:\/\/ameliapousada.com.br\/wp-content\/uploads\/2017\/02\/barraquinha-sto-antornio.jpg 960w, https:\/\/ameliapousada.com.br\/wp-content\/uploads\/2017\/02\/barraquinha-sto-antornio-270x203.jpg 270w, https:\/\/ameliapousada.com.br\/wp-content\/uploads\/2017\/02\/barraquinha-sto-antornio-768x576.jpg 768w, https:\/\/ameliapousada.com.br\/wp-content\/uploads\/2017\/02\/barraquinha-sto-antornio-705x529.jpg 705w, https:\/\/ameliapousada.com.br\/wp-content\/uploads\/2017\/02\/barraquinha-sto-antornio-450x338.jpg 450w\" data-sizes=\"(max-width: 960px) 100vw, 960px\"  aria-label=\"imagen Barraquinha Santo Ant\u00f4nio\"  id='av-masonry-1-item-2790' data-av-masonry-item='2790' class='av-masonry-entry isotope-item post-2790 attachment type-attachment status-inherit hentry post-type-attachment post-slug-barraquinha-sto-antornio-2 attachment-slug-barraquinha-sto-antornio-2  av-masonry-item-with-image' title=\"Barraquinha Santo Ant\u00f4nio\" alt=\"\"    itemprop=\"thumbnailUrl\" ><div class='av-inner-masonry-sizer'><\/div><figure class='av-inner-masonry main_color'><div class=\"av-masonry-outerimage-container\"><div class='av-masonry-image-container' style=\"background-image: url(https:\/\/ameliapousada.com.br\/wp-content\/uploads\/2017\/02\/barraquinha-sto-antornio-705x529.jpg);\"  title=\"Barraquinha Santo Ant\u00f4nio\"  ><\/div><\/div><\/figure><\/a><!--end av-masonry entry--><a href=\"https:\/\/ameliapousada.com.br\/wp-content\/uploads\/2017\/02\/bica-dagua.jpg\" data-srcset=\"https:\/\/ameliapousada.com.br\/wp-content\/uploads\/2017\/02\/bica-dagua.jpg 200w, https:\/\/ameliapousada.com.br\/wp-content\/uploads\/2017\/02\/bica-dagua-80x80.jpg 80w, https:\/\/ameliapousada.com.br\/wp-content\/uploads\/2017\/02\/bica-dagua-36x36.jpg 36w, https:\/\/ameliapousada.com.br\/wp-content\/uploads\/2017\/02\/bica-dagua-180x180.jpg 180w, https:\/\/ameliapousada.com.br\/wp-content\/uploads\/2017\/02\/bica-dagua-120x120.jpg 120w\" data-sizes=\"(max-width: 200px) 100vw, 200px\"  aria-label=\"imagen bica dagua\"  id='av-masonry-1-item-2792' data-av-masonry-item='2792' class='av-masonry-entry isotope-item post-2792 attachment type-attachment status-inherit hentry post-type-attachment post-slug-bica-dagua-2 attachment-slug-bica-dagua-2  av-masonry-item-with-image' title=\"bica dagua\" alt=\"\"    itemprop=\"thumbnailUrl\" ><div class='av-inner-masonry-sizer'><\/div><figure class='av-inner-masonry main_color'><div class=\"av-masonry-outerimage-container\"><div class='av-masonry-image-container' style=\"background-image: url(https:\/\/ameliapousada.com.br\/wp-content\/uploads\/2017\/02\/bica-dagua.jpg);\"  title=\"bica dagua\"  ><\/div><\/div><\/figure><\/a><!--end av-masonry entry--><a href=\"https:\/\/ameliapousada.com.br\/wp-content\/uploads\/2017\/02\/tapete-corpus-christi.jpg\" data-srcset=\"https:\/\/ameliapousada.com.br\/wp-content\/uploads\/2017\/02\/tapete-corpus-christi.jpg 200w, https:\/\/ameliapousada.com.br\/wp-content\/uploads\/2017\/02\/tapete-corpus-christi-80x80.jpg 80w, https:\/\/ameliapousada.com.br\/wp-content\/uploads\/2017\/02\/tapete-corpus-christi-36x36.jpg 36w, https:\/\/ameliapousada.com.br\/wp-content\/uploads\/2017\/02\/tapete-corpus-christi-180x180.jpg 180w, https:\/\/ameliapousada.com.br\/wp-content\/uploads\/2017\/02\/tapete-corpus-christi-120x120.jpg 120w\" data-sizes=\"(max-width: 200px) 100vw, 200px\"  aria-label=\"imagen Corpus Christi (tapete)\"  id='av-masonry-1-item-2782' data-av-masonry-item='2782' class='av-masonry-entry isotope-item post-2782 attachment type-attachment status-inherit hentry post-type-attachment post-slug-tapete-corpus-christi-2 attachment-slug-tapete-corpus-christi-2  av-masonry-item-with-image' title=\"Corpus Christi (tapete)\" alt=\"\"    itemprop=\"thumbnailUrl\" ><div class='av-inner-masonry-sizer'><\/div><figure class='av-inner-masonry main_color'><div class=\"av-masonry-outerimage-container\"><div class='av-masonry-image-container' style=\"background-image: url(https:\/\/ameliapousada.com.br\/wp-content\/uploads\/2017\/02\/tapete-corpus-christi.jpg);\"  title=\"Corpus Christi (tapete)\"  ><\/div><\/div><\/figure><\/a><!--end av-masonry entry--><a href=\"https:\/\/ameliapousada.com.br\/wp-content\/uploads\/2017\/02\/serra-cristais4.jpg\" data-srcset=\"https:\/\/ameliapousada.com.br\/wp-content\/uploads\/2017\/02\/serra-cristais4.jpg 960w, https:\/\/ameliapousada.com.br\/wp-content\/uploads\/2017\/02\/serra-cristais4-270x62.jpg 270w, https:\/\/ameliapousada.com.br\/wp-content\/uploads\/2017\/02\/serra-cristais4-768x177.jpg 768w, https:\/\/ameliapousada.com.br\/wp-content\/uploads\/2017\/02\/serra-cristais4-705x162.jpg 705w, https:\/\/ameliapousada.com.br\/wp-content\/uploads\/2017\/02\/serra-cristais4-450x104.jpg 450w\" data-sizes=\"(max-width: 960px) 100vw, 960px\"  aria-label=\"imagen Serra dos Cristais\"  id='av-masonry-1-item-2780' data-av-masonry-item='2780' class='av-masonry-entry isotope-item post-2780 attachment type-attachment status-inherit hentry post-type-attachment post-slug-serra-cristais4-2 attachment-slug-serra-cristais4-2  av-masonry-item-with-image' title=\"Serra dos Cristais\" alt=\"\"    itemprop=\"thumbnailUrl\" ><div class='av-inner-masonry-sizer'><\/div><figure class='av-inner-masonry main_color'><div class=\"av-masonry-outerimage-container\"><div class='av-masonry-image-container' style=\"background-image: url(https:\/\/ameliapousada.com.br\/wp-content\/uploads\/2017\/02\/serra-cristais4-705x162.jpg);\"  title=\"Serra dos Cristais\"  ><\/div><\/div><\/figure><\/a><!--end av-masonry entry--><a href=\"https:\/\/ameliapousada.com.br\/wp-content\/uploads\/2017\/02\/serra-cristais3.jpg\" data-srcset=\"https:\/\/ameliapousada.com.br\/wp-content\/uploads\/2017\/02\/serra-cristais3.jpg 960w, https:\/\/ameliapousada.com.br\/wp-content\/uploads\/2017\/02\/serra-cristais3-270x203.jpg 270w, https:\/\/ameliapousada.com.br\/wp-content\/uploads\/2017\/02\/serra-cristais3-768x576.jpg 768w, https:\/\/ameliapousada.com.br\/wp-content\/uploads\/2017\/02\/serra-cristais3-705x529.jpg 705w, https:\/\/ameliapousada.com.br\/wp-content\/uploads\/2017\/02\/serra-cristais3-450x338.jpg 450w\" data-sizes=\"(max-width: 960px) 100vw, 960px\"  aria-label=\"imagen Casario Colonial\"  id='av-masonry-1-item-2778' data-av-masonry-item='2778' class='av-masonry-entry isotope-item post-2778 attachment type-attachment status-inherit hentry post-type-attachment post-slug-serra-cristais3-2 attachment-slug-serra-cristais3-2  av-masonry-item-with-image' title=\"Casario Colonial\" alt=\"\"    itemprop=\"thumbnailUrl\" ><div class='av-inner-masonry-sizer'><\/div><figure class='av-inner-masonry main_color'><div class=\"av-masonry-outerimage-container\"><div class='av-masonry-image-container' style=\"background-image: url(https:\/\/ameliapousada.com.br\/wp-content\/uploads\/2017\/02\/serra-cristais3-705x529.jpg);\"  title=\"Casario Colonial\"  ><\/div><\/div><\/figure><\/a><!--end av-masonry entry--><a href=\"https:\/\/ameliapousada.com.br\/wp-content\/uploads\/2017\/02\/serra-cristais2.jpg\" data-srcset=\"https:\/\/ameliapousada.com.br\/wp-content\/uploads\/2017\/02\/serra-cristais2.jpg 200w, https:\/\/ameliapousada.com.br\/wp-content\/uploads\/2017\/02\/serra-cristais2-80x80.jpg 80w, https:\/\/ameliapousada.com.br\/wp-content\/uploads\/2017\/02\/serra-cristais2-36x36.jpg 36w, https:\/\/ameliapousada.com.br\/wp-content\/uploads\/2017\/02\/serra-cristais2-180x180.jpg 180w, https:\/\/ameliapousada.com.br\/wp-content\/uploads\/2017\/02\/serra-cristais2-120x120.jpg 120w\" data-sizes=\"(max-width: 200px) 100vw, 200px\"  aria-label=\"imagen Paisagem\"  id='av-masonry-1-item-2776' data-av-masonry-item='2776' class='av-masonry-entry isotope-item post-2776 attachment type-attachment status-inherit hentry post-type-attachment post-slug-serra-cristais2-2 attachment-slug-serra-cristais2-2  av-masonry-item-with-image' title=\"Paisagem\" alt=\"\"    itemprop=\"thumbnailUrl\" ><div class='av-inner-masonry-sizer'><\/div><figure class='av-inner-masonry main_color'><div class=\"av-masonry-outerimage-container\"><div class='av-masonry-image-container' style=\"background-image: url(https:\/\/ameliapousada.com.br\/wp-content\/uploads\/2017\/02\/serra-cristais2.jpg);\"  title=\"Paisagem\"  ><\/div><\/div><\/figure><\/a><!--end av-masonry entry--><a href=\"https:\/\/ameliapousada.com.br\/wp-content\/uploads\/2017\/02\/serra-cristais.jpg\" data-srcset=\"https:\/\/ameliapousada.com.br\/wp-content\/uploads\/2017\/02\/serra-cristais.jpg 960w, https:\/\/ameliapousada.com.br\/wp-content\/uploads\/2017\/02\/serra-cristais-270x203.jpg 270w, https:\/\/ameliapousada.com.br\/wp-content\/uploads\/2017\/02\/serra-cristais-768x576.jpg 768w, https:\/\/ameliapousada.com.br\/wp-content\/uploads\/2017\/02\/serra-cristais-705x529.jpg 705w, https:\/\/ameliapousada.com.br\/wp-content\/uploads\/2017\/02\/serra-cristais-450x338.jpg 450w\" data-sizes=\"(max-width: 960px) 100vw, 960px\"  aria-label=\"imagen Serra Cristais\"  id='av-masonry-1-item-2774' data-av-masonry-item='2774' class='av-masonry-entry isotope-item post-2774 attachment type-attachment status-inherit hentry post-type-attachment post-slug-serra-cristais-2 attachment-slug-serra-cristais-2  av-masonry-item-with-image' title=\"Serra Cristais\" alt=\"\"    itemprop=\"thumbnailUrl\" ><div class='av-inner-masonry-sizer'><\/div><figure class='av-inner-masonry main_color'><div class=\"av-masonry-outerimage-container\"><div class='av-masonry-image-container' style=\"background-image: url(https:\/\/ameliapousada.com.br\/wp-content\/uploads\/2017\/02\/serra-cristais-705x529.jpg);\"  title=\"Serra Cristais\"  ><\/div><\/div><\/figure><\/a><!--end av-masonry entry--><a href=\"https:\/\/ameliapousada.com.br\/wp-content\/uploads\/2017\/02\/rua-direita2.jpg\" data-srcset=\"https:\/\/ameliapousada.com.br\/wp-content\/uploads\/2017\/02\/rua-direita2.jpg 200w, https:\/\/ameliapousada.com.br\/wp-content\/uploads\/2017\/02\/rua-direita2-80x80.jpg 80w, https:\/\/ameliapousada.com.br\/wp-content\/uploads\/2017\/02\/rua-direita2-36x36.jpg 36w, https:\/\/ameliapousada.com.br\/wp-content\/uploads\/2017\/02\/rua-direita2-180x180.jpg 180w, https:\/\/ameliapousada.com.br\/wp-content\/uploads\/2017\/02\/rua-direita2-120x120.jpg 120w\" data-sizes=\"(max-width: 200px) 100vw, 200px\"  aria-label=\"imagen rua direita2\"  id='av-masonry-1-item-2762' data-av-masonry-item='2762' class='av-masonry-entry isotope-item post-2762 attachment type-attachment status-inherit hentry post-type-attachment post-slug-rua-direita2-2 attachment-slug-rua-direita2-2  av-masonry-item-with-image' title=\"rua direita2\" alt=\"\"    itemprop=\"thumbnailUrl\" ><div class='av-inner-masonry-sizer'><\/div><figure class='av-inner-masonry main_color'><div class=\"av-masonry-outerimage-container\"><div class='av-masonry-image-container' style=\"background-image: url(https:\/\/ameliapousada.com.br\/wp-content\/uploads\/2017\/02\/rua-direita2.jpg);\"  title=\"rua direita2\"  ><\/div><\/div><\/figure><\/a><!--end av-masonry entry--><\/div><div class='av-masonry-pagination av-masonry-pagination-pagination'><nav class='pagination'><span class='pagination-meta'>P\u00e1gina 1 de 0<\/span><\/nav>\n<\/div><\/div>\n","protected":false},"excerpt":{"rendered":"","protected":false},"author":1,"featured_media":0,"parent":0,"menu_order":0,"comment_status":"closed","ping_status":"closed","template":"","meta":{"footnotes":""},"class_list":["post-1914","page","type-page","status-publish","hentry","post-type-page","post-slug-mural-3","page-slug-mural-3"],"_links":{"self":[{"href":"https:\/\/ameliapousada.com.br\/es\/wp-json\/wp\/v2\/pages\/1914","targetHints":{"allow":["GET"]}}],"collection":[{"href":"https:\/\/ameliapousada.com.br\/es\/wp-json\/wp\/v2\/pages"}],"about":[{"href":"https:\/\/ameliapousada.com.br\/es\/wp-json\/wp\/v2\/types\/page"}],"author":[{"embeddable":true,"href":"https:\/\/ameliapousada.com.br\/es\/wp-json\/wp\/v2\/users\/1"}],"replies":[{"embeddable":true,"href":"https:\/\/ameliapousada.com.br\/es\/wp-json\/wp\/v2\/comments?post=1914"}],"version-history":[{"count":7,"href":"https:\/\/ameliapousada.com.br\/es\/wp-json\/wp\/v2\/pages\/1914\/revisions"}],"predecessor-version":[{"id":2482,"href":"https:\/\/ameliapousada.com.br\/es\/wp-json\/wp\/v2\/pages\/1914\/revisions\/2482"}],"wp:attachment":[{"href":"https:\/\/ameliapousada.com.br\/es\/wp-json\/wp\/v2\/media?parent=1914"}],"curies":[{"name":"wp","href":"https:\/\/api.w.org\/{rel}","templated":true}]}}